{"id":9280,"date":"2020-06-01T16:55:40","date_gmt":"2020-06-01T14:55:40","guid":{"rendered":"https:\/\/www.traminerhof.it\/?page_id=9280"},"modified":"2023-07-29T14:14:27","modified_gmt":"2023-07-29T12:14:27","slug":"fino-al-confine-linguistico-201","status":"publish","type":"page","link":"https:\/\/www.traminerhof.it\/it\/bike\/touren\/fino-al-confine-linguistico-201\/","title":{"rendered":"Fino al confine linguistico | 201"},"content":{"rendered":"\n<h1 class=\"has-text-align-center breiteExtraSchmal wp-block-heading\">Fino al confine linguistico | 201&nbsp;<\/h1>\n\n\n\n<h2 class=\"has-text-align-center breiteExtraSchmal wp-block-heading\">Fino al confine linguistico<\/h2>\n\n\n\n<figure class=\"wp-block-image size-large\"><img loading=\"lazy\" decoding=\"async\" width=\"1170\" height=\"779\" src=\"https:\/\/www.traminerhof.it\/wp-content\/uploads\/2020\/04\/radfoto_zugeschnitten-1170x779.jpg\" alt=\"\" class=\"wp-image-4149\" srcset=\"https:\/\/www.traminerhof.it\/wp-content\/uploads\/2020\/04\/radfoto_zugeschnitten-1170x779.jpg 1170w, https:\/\/www.traminerhof.it\/wp-content\/uploads\/2020\/04\/radfoto_zugeschnitten-992x661.jpg 992w, https:\/\/www.traminerhof.it\/wp-content\/uploads\/2020\/04\/radfoto_zugeschnitten-1536x1022.jpg 1536w, https:\/\/www.traminerhof.it\/wp-content\/uploads\/2020\/04\/radfoto_zugeschnitten-768x511.jpg 768w, https:\/\/www.traminerhof.it\/wp-content\/uploads\/2020\/04\/radfoto_zugeschnitten-585x389.jpg 585w, https:\/\/www.traminerhof.it\/wp-content\/uploads\/2020\/04\/radfoto_zugeschnitten.jpg 2048w\" sizes=\"(max-width: 1170px) 100vw, 1170px\" \/><\/figure>\n\n\n\n      <div class=\"tourattribute1\">\n      <div class=\"entry-distanz\"><i class=\"far fa-arrow-alt-circle-right\"><\/i> 44.7 km<\/div><div class=\"entry-hoehenmeter\">\n\n<span\">\n  <i class=\"fas fa-long-arrow-alt-up fa-right-rotate\"><\/i>  \n  <i class=\"fas fa-mountain\"><\/i>\n<\/span>      \n      \n      \n      420 m<\/div><div class=\"entry-tiefenmeter\">\n      \n<span>\n \n  <i class=\"fas fa-mountain \"><\/i> \n  <i class=\"fas fa-long-arrow-alt-up fa-left-rotate\"><\/i>  \n<\/span>        \n      \n      420 m<\/div><div class=\"entry-zeit\"><i class=\"far fa-clock\"><\/i> 3 h 27 min<\/div>\n      <\/div>\n     \n     \n\n\n\n<p class=\"breiteSchmal\">Attraverso la Brenntalweg si procede verso sud. I vigneti accompagnano il vostro viaggio fino a raggiungere il fondovalle. Su strade poco trafficate si arriva a Margreid dove si pu\u00f2 ammirare la vite originale, piantata nel XVII secolo. Passando per le vecchie tenute e la cantina Lageder, continuerete il vostro viaggio via Cortina fino a Salorno. Qui finisce l&#8217;Alto Adige e inizia il Trentino. Anche se qui non c&#8217;\u00e8 mai stato un confine politico, il confine tra l&#8217;area culturale tedesca e quella italiana \u00e8 qui da mille anni. Il castello di Haderburg sopra Salorno \u00e8 un testimone silenzioso del Medioevo, che vale la pena di visitare. La via del ritorno porta lungo la Etschradweg fino a Egna e pi\u00f9 avanti lungo la pista ciclabile fino ad Auer e infine attorno al Lago di Caldaro. Un gelato direttamente sul lago \u00e8 un must. <\/p>\n\n\n\n<p><\/p>\n\n\n\n<p class=\"has-text-align-center breiteSchmal border-bottom-1 pb-2 mb-2 mt-6\">Proprio all&#8217;inizio hai una splendida vista sui vigneti e sulla valle<\/p>\n\n\n\n<p class=\"has-text-align-center breiteSchmal border-bottom-1 pb-2 mb-2\">Il villaggio del vino Magr\u00e8 con la vitis pi\u00f9 antica d&#8217;Europa<\/p>\n\n\n\n<p class=\"has-text-align-center border-bottom-1 pb-2 mb-2 breiteSchmal\">Un gelato al Lago di Caldaro non dovrebbe mai mancare<\/p>\n\n\n\n      <div class=\"tourattribute2 breiteSchmal\">\n      <div class=\"entry-schwierigkeit\"><span>Condizione&nbsp;<\/span><i class=\"fas fa-circle\"><\/i><i class=\"fas fa-circle\"><\/i><i class=\"far fa-circle\"><\/i><i class=\"far fa-circle\"><\/i><i class=\"far fa-circle\"><\/i><\/div><div class=\"entry-technik\"><span>Tecnica&nbsp;<\/span><i class=\"fas fa-circle\"><\/i><i class=\"far fa-circle\"><\/i><i class=\"far fa-circle\"><\/i><i class=\"far fa-circle\"><\/i><i class=\"far fa-circle\"><\/i><\/div><div class=\"entry-panorama\"><span>Panorama&nbsp;<\/span><i class=\"fas fa-circle\"><\/i><i class=\"fas fa-circle\"><\/i><i class=\"fas fa-circle\"><\/i><i class=\"far fa-circle\"><\/i><i class=\"far fa-circle\"><\/i><\/div>\n      <\/div>\n     \n     \n\n\n<div id=\"dimizu_gpxviewer-block_5e77698bae4c9\" class=\"dimizu_gpxviewer   breiteSchmal\">\n<div class=\"gpxv-view\">\n<div id=\"map-container-201-an-die-sprachgrenze-genussrad-traminerhof-1\" class=\"map-container\" style=\"width:100%\">\n\t<div class=\"hook\">\n\t\t\n\t\t<div id=\"201-an-die-sprachgrenze-genussrad-traminerhof-1\" style=\"height:500px\" class=\"track-map\"><\/div>\n\t\t\n\t\t<div id=\"track201-an-die-sprachgrenze-genussrad-traminerhof-1\" class=\"track-info\"  >\n\t\t\t<h3>\n\t\t\t\t<span>GPX-Track <\/span><span class=\"kmhoehe\">-km, -m<\/span>\n\t\t\t\t\t\t\t\t\t<a  href=\"https:\/\/www.traminerhof.it\/wp-content\/uploads\/2021\/07\/201-an-die-sprachgrenze-genussrad-traminerhof-1.gpx\"  download=\"201-an-die-sprachgrenze-genussrad-traminerhof-1.gpx\" class=\"gpx-file\"  >\n\t\t\t\t\tGPX <i class=\"fas fa-download\"><\/i>\n\t\t\t\t\t<\/a>\n\t\t\t\t\t\t\t<\/h3>\n\t\t\t<div class=\"content\" >\n\t\t\t\t<svg class=\"elevation-profile\"  viewBox=\"0 0 290 230\" >\n\t\t\t\t\t<defs>\n\t\t\t\t\t\t<marker id=\"t\" markerWidth=\"4\" markerHeight=\"4\" orient=\"auto\" refY=\"2\" refX=\"3\">\n\t\t\t\t\t\t<path d=\"M0,0 L4,2 0,4\" fill=\"#000\"><\/path>\n\t\t\t\t\t\t<\/marker>\n\t\t\t\t\t<\/defs>\n\t\t\t\t\t<g transform=\"translate(50,10)\">\n\t\t\t\t\t<!-- horizontal -->\n\t\t\t\t\t<!-- y = 50 (180-50)-->\n\t\t\t\t\t<line class=\"line\" x1=\"-5\" y1=\"160\" x2=\"220\" y2=\"160\"><\/line>\n\t\t\t\t\t<text class=\"h1 line\" x=\"-5\" y=\"160\" text-anchor=\"end\">50<\/text>\n\t\t\t\t\t<line class=\"line\" x1=\"-5\" y1=\"120\" x2=\"220\" y2=\"120\"><\/line>\n\t\t\t\t\t<text class=\"h2 line\" x=\"-5\" y=\"120\" text-anchor=\"end\">100<\/text>\n\t\t\t\t\t<line class=\"line\" x1=\"-5\" y1=\"80\" x2=\"220\" y2=\"80\"><\/line>\n\t\t\t\t\t<text class=\"h3 line\" x=\"-5\" y=\"80\" text-anchor=\"end\">150<\/text>\n\t\t\t\t\t<line class=\"line\" x1=\"-5\" y1=\"40\" x2=\"220\" y2=\"40\"><\/line>\n\t\t\t\t\t<text class=\"h4 line\" x=\"-5\" y=\"40\" text-anchor=\"end\">200<\/text>\n\t\t\t\t\t<!-- Vertical -->\n\t\t\t\t\t<g class=\"v1\" transform=\"translate(60,0)\">\n\t\t\t\t\t\t<line class=\"line\" x1=\"0\" y1=\"0\" x2=\"0\" y2=\"185\"><\/line>\n\t\t\t\t\t\t<text  class=\"line\" x=\"0\" y=\"193\" text-anchor=\"middle\">5<\/text>\n\t\t\t\t\t<\/g>\n\t\t\t\t\t<g class=\"v2\" transform=\"translate(120,0)\">\n\t\t\t\t\t\t<line class=\"line\" x1=\"0\" y1=\"0\" x2=\"0\" y2=\"185\"><\/line>\n\t\t\t\t\t\t<text  class=\"line\" x=\"0\" y=\"193\" text-anchor=\"middle\">10<\/text>\n\t\t\t\t\t<\/g>\n\t\t\t\t\t<g class=\"v3\" transform=\"translate(180,0)\">\n\t\t\t\t\t\t<line class=\"line\" x1=\"0\" y1=\"0\" x2=\"0\" y2=\"185\"><\/line>\n\t\t\t\t\t\t<text id=\"v3\" class=\"line\" x=\"0\" y=\"193\" text-anchor=\"middle\">15<\/text>\n\t\t\t\t\t<\/g>\n\t\t\t\t\t<!-- cadre  -->\n\t\t\t\t\t<rect x=\"0\" y=\"0\" width=\"220\" height=\"180\" ><\/rect>\n\t\t\t\t\t<!-- horizontal axis x -->\n\t\t\t\t\t<line class=\"axis\" x1=\"0\" y1=\"180\" x2=\"210\" y2=\"180\"  marker-end=\"url(#t)\"><\/line>\n\t\t\t\t\t<text x=\"110\" y=\"210\" text-anchor=\"middle\">Distance (km)<\/text>\n\t\t\t\t\t<!-- vertical axis y -->\n\t\t\t\t\t<line class=\"axis\" x1=\"0\" y1=\"180\" x2=\"0\" y2=\"10\" marker-end=\"url(#t)\"><\/line>\n\t\t\t\t\t<text x=\"0\" y=\"0\" transform=\"rotate(-90) translate(-100, -40)\" text-anchor=\"middle\">Elevation (m)<\/text>\n\t\t\t\t\t<path class=\"profile-line\" d=\"\"><\/path>\n\t\t\t\t\n\t\t\t\t\t<line class=\"move-line\" x1=\"0\" y1=\"185\" x2=\"0\" y2=\"-5\"><\/line>\n\t\t\t\t\t<\/g>\n\t\t\t\t<\/svg>\n<!--\t\t\t\t<div class=\"gpx-no-data\">No elevation data<\/div>-->\n\t\t\t\t<table class=\"properties\">\n\t\t\t\t\t<tr>\n\t\t\t\t\t\t<td >Name: <\/td>\n\t\t\t\t\t\t<td class=\"gpx-name\"><em>No data<\/em><\/td>\n\t\t\t\t\t<\/tr>\n\t\t\t\t\t<tr>\n\t\t\t\t\t\t<td>Distance: <\/td>\n\t\t\t\t\t\t<td class=\"gpx-distance\"><em>No data<\/em><\/td>\n\t\t\t\t\t<\/tr>\n\t\t\t\t\t<tr>\n\t\t\t\t\t\t<td>Minimum elevation: <\/td>\n\t\t\t\t\t\t<td  class=\"gpx-min-elevation\" ><em>No data<\/em><\/td>\n\t\t\t\t\t<\/tr>\n\t\t\t\t\t<tr>\n\t\t\t\t\t\t<td>Maximum elevation: <\/td>\n\t\t\t\t\t\t<td  class=\"gpx-max-elevation\" ><em>No data<\/em><\/td>\n\t\t\t\t\t<\/tr>\n\t\t\t\t\t<tr>\n\t\t\t\t\t\t<td>Elevation gain: <\/td>\n\t\t\t\t\t\t<td  class=\"gpx-elevation-gain\" ><em>No data<\/em><\/td>\n\t\t\t\t\t<\/tr>\n\t\t\t\t\t<tr >\n\t\t\t\t\t\t<td>Elevation loss: <\/td>\n\t\t\t\t\t\t<td class=\"gpx-elevation-loss\" ><em>No data<\/em><\/td>\n\t\t\t\t\t<\/tr>\n\t\t\t\t\t<tr>\n\t\t\t\t\t\t<td>Duration: <\/td>\n\t\t\t\t\t\t<td class=\"gpx-duration\" ><em>No data<\/em><\/td>\n\t\t\t\t\t<\/tr>\n\t\t\t\t<\/table>\n\t\t\t<\/div>\n\t\t<\/div>\n\t<\/div>\n<\/div>\n\n<\/div>\n<\/div>\n\n\n\n<h1 class=\"has-text-align-center mt-7 wp-block-heading\">Scopri di pi\u00f9<\/h1>\n\n\n\n<h2 class=\"has-text-align-center wp-block-heading\">Potrebbero piacerti anche questi tour<\/h2>\n\n\n\n\n\n\n\t\n\n\t\n\n\t\n<script>\njQuery(document).ready(function($) {\n\t\n\n\t\t\t$('.slick-dimizu_postlist-block_5e77863361cea').slick({\n\n\t\t\t\tslidesToShow: 3, \n\t\t\t\tslidesToScroll: 1, \n\t\t\t\tdots: false,\n\t\t\t\tarrows: true,\n\t\t\t\tautoplay: false,\n\t\t\t\tresponsive: [\n\t\t\t\t\t\t{\n\t\t\t\t\t\t\tbreakpoint: 992,\n\t\t\t\t\t\t\tsettings: {\n\n\t\t\t\t\t\t\t\tslidesToShow: 3, \n\t\t\t\t\t\t\t\tslidesToScroll: 1, \n\t\t\t\t\t\t\t\t}\n\t\t\t\t\t\t},\n\t\t\t\t\t\t{\n\t\t\t\t\t\t\tbreakpoint: 768,\n\t\t\t\t\t\t\tsettings: {\n\n\t\t\t\t\t\t\t\tslidesToShow: 2,\n\t\t\t\t\t\t\t\tslidesToScroll: 1,\n\t\t\t\t\t\t\t}\n\t\t\t\t\t\t},\n\t\t\t\t\t\t{\n\t\t\t\t\t\t\tbreakpoint: 576,\n\t\t\t\t\t\t\tsettings: {\n\t\t\t\t\t\t\t\tslidesToShow: 1,\n\t\t\t\t\t\t\t\tslidesToScroll: 1,\n\t\t\n\t\t\t\t\t\t\t}\n\t\t\t\t\t\t}\n\t\t\t\t\t\t\t\t\t\t\t\t\t\t\t \n\t\t\t\t\t],\t\t\t\t\n\n\t\t\t\t\n\t\t\t});\n}); \n<\/script>\n\t\n\n\n<script>\n(function($) {\n\t$(document).ready( function() {\n  \n  \n\t\tvar buttonFilters = {};\n\t\tvar buttonFilter = '*';\n   \n    var grid=$('.slick-dimizu_postlist-block_5e77863361cea').imagesLoaded( function() {\n\n\t\t\n        grid.isotope({\n         itemSelector: '.dimizu_postlist_wrapper',\n         layoutMode: 'fitRows',\n          transitionDuration: '0.6s',\n        });\n\n\n        var items = grid.find('.dimizu_postlist_wrapper');\n        grid.addClass('is-showing-items').isotope( 'revealItemElements', items );\n\n\n        \/\/wenn lazie load verwendet wird (class='ll')\n        grid.on( 'arrangeComplete', function( event, filteredItems ) {\n          \/\/console.log( 'arrangeComplete with ' + filteredItems.length + ' items' );\n          $(window).scroll();\n        });\n\n\n        $('.filterGruppe').on( 'click', '.filterbtn', function() {\n          var buttonGroup = $(this).parents('.gruppefilterbtns');\n          var filterGroup = buttonGroup.attr('filter-gruppefilterbtns');\n          buttonFilters[ filterGroup ] = $(this).attr('data-filter');\n          buttonFilter = concatValues( buttonFilters ) || '*';\n\n\n\n          \/\/console.log( buttonFilters );\n          \/\/console.log( buttonFilter );\n          \/\/grid.isotope();\n        });\n        $('.gruppefilterbtns').each( function( i, buttonGroup ) {\n          var buttonGroup = $( buttonGroup );\n          buttonGroup.on( 'click', '.filterbtn', function() {\n            buttonGroup.find('.is-checked').removeClass('is-checked');\n            $(this).addClass('is-checked');\n          });\n        });\n\n\n        \/\/ Alphabetical sort\n        \/\/ Sort items alphabetically based on \n        var sortValue = false;\n        $('.sort').on('click', function(){\n            var currentHash = location.hash;\n            if ( $(this).hasClass('is-checked') ) {\n                sortValue = false;\n                location.hash = currentHash.replace( \/&sort=([^&]+)\/i, '');\n            } else {\n                sortValue = $(this).attr('data-sort-value');\n                location.hash = currentHash + '&sort=' + encodeURIComponent( sortValue );\n            }\n        });\n\n\n\n        var filters = {};\n        $( '.gruppefilterbtns button' ).on( 'click', filterSelect );\n\n        \/\/ Set the URI hash to the current selected filters\n        function filterSelect() {\n            var hashFilter = getHashFilter();\n            filters['fk1'] = hashFilter['fk1'];\n            filters['fk2'] = hashFilter['fk2'];\n            var currentFilter = $(this).attr('data-filter');\n            var navGroup = $(this).parents('.gruppefilterbtns');\n            var filterGroup = navGroup.attr('filter-gruppefilterbtns');\n\n            if ( currentFilter == hashFilter['fk1'] || currentFilter == hashFilter['fk2'] ) {\n                filters[ filterGroup ] = '*';\n            } else {\n                filters[ filterGroup ] = $(this).attr('data-filter');\n            }\n            \/\/console.log(filters['fk2']);\n            if (filters['fk2']) {\n              var newHash = 'fk1=' + encodeURIComponent( filters['fk1'] ) + '&fk2=' + encodeURIComponent( filters['fk2'] );\n            }\n            else {\n              var newHash = 'fk1=' + encodeURIComponent( filters['fk1'] ) ;\n            }\n\n\n            if ( sortValue ) {\n                newHash = newHash + '&sort=' + encodeURIComponent( sortValue );\n            }\n            location.hash = newHash;\n        } \n\n        function onHashChange() {\n\n            \/\/ Current hash value\n            var hashFilter = getHashFilter();\n            \/\/ Concatenate typ and ort for Isotope filtering\n            var theFilter = hashFilter['fk1'] + hashFilter['fk2'];\n\n            if ( hashFilter ) {\n                \/\/ Repaint Isotope container with current filters and sorts\n                grid.isotope({\n                    filter:  decodeURIComponent( theFilter ),\n                    sortBy: hashFilter['sorts']\n                } );\n\n                \/\/ Toggle is-checked status of sort button\n                if ( hashFilter['sorts'] ) {\n                    $('.sort').addClass('is-checked');\n                } else {\n                    $('.sort').removeClass('is-checked');\n                }\n                \/\/ Toggle is-checked status of filter buttons ssss\n                $( '.gruppefilterbtns' ).find('.is-checked').removeClass('is-checked');\n\n                $( '.gruppefilterbtns.fk1' ).find(\"[data-filter='\" + hashFilter[\"fk1\"] + \"']\").addClass('is-checked');\n                $( '.gruppefilterbtns.fk2' ).find(\"[data-filter='\" + hashFilter[\"fk2\"] + \"']\").addClass('is-checked');\n\n\n\n              var elems = grid.isotope('getItemElements');\n              var filteredElems = grid.isotope('getFilteredItemElements');\n\n\n\n              elems.forEach(function(item,index){\n                item.classList.remove('sichtbarVersetzt');\n\n              })\n\n              var count = 0;\n              filteredElems.forEach(function(item,index){\n                if ( count  % 3 == 1 ) item.classList.add('sichtbarVersetzt');\n                count++;\n\n              })  \n\n            }\n        } \/\/ onHahschange\n\n        function getHashFilter() {\n            \/\/ Get filters (matches) and sort order (sorts)\n            var fk1 = location.hash.match( \/fk1=([^&]+)\/i );\n            var fk2 = location.hash.match( \/fk2=([^&]+)\/i );\n            var sorts = location.hash.match( \/sort=([^&]+)\/i );\n\n            \/\/ Set up a hashFilter array\n            var hashFilter = {};\n            \/\/ Populate array with matches and sorts using ternary logic\n            hashFilter['fk1'] = fk1 ? fk1[1] : '*';\n            hashFilter['fk2'] = fk2 ? fk2[1] : '*';\n            hashFilter['sorts'] = sorts ? sorts[1]: '';\n\n            return hashFilter;\n        } \/\/ getHashFilter\n\n        \/\/ When the hash changes, run onHashchange\n        window.onhashchange = onHashChange;\n\n\n        \/\/ When the page loads for the first time, run onHashChange\n        onHashChange();\n\n\n        var initShow = 6; \/\/number of images loaded on init & onclick load more button\n        var iso = grid.data('isotope'); \/\/ get Isotope instance\n        var counter = initShow; \n\n        if($('a[href*=#load-more]').length) {\n          var loadmorelink = $('a[href*=#load-more]').attr('href');\n          var teile = loadmorelink.split('-');\n          initShow=parseInt(teile[2]);\n          counter = initShow; \/\/counter for load more button\n          \n\t\t      loadMore(initShow); \/\/if Button with #load-more exists then execute function onload\n        }\n        \n        function loadMore(toShow) {\n          grid.find('.hidden').removeClass('hidden');\n\n          var hiddenElems = iso.filteredItems.slice(toShow, iso.filteredItems.length).map(function(item) {\n            return item.element;\n          });\n          $(hiddenElems).addClass('hidden');\n          grid.isotope('layout');\n\n          \/\/when no more to load, hide show more button\n          if (hiddenElems.length == 0) {\n            $('#load-more').hide();\n          } \n          else {\n            $('#load-more').show();\n          };\n        }\n\n\n\n        $('a[href*=#load-more]').click(function() {\n          if ($('#filters').data('clicked')) {\n            \/\/when filter button clicked, set initial value for counter\n            counter = initShow;\n            j$('#filters').data('clicked', false);\n          } else {\n            counter = counter;\n          };\n\n          counter = counter + initShow;\n\n          loadMore(counter);\n        });\n\n\n\t\t\n\t\t}); \/\/ imagesLoaded\n\t\t\n\n     \n\t\t\n\t\t\n\t});  \/\/ ready\n})(jQuery);\n\n\nfunction concatValues( obj ) {\n\tvar value = '';\n\tfor ( var prop in obj ) {\n\t\tvalue += obj[ prop ];\n\t}\n\treturn value;\n}\n<\/script>\n\n\n\n<div id=\"dimizu_postlist-block_5e77863361cea\" class=\"dimizu_postlist SpecialCarousel  versetzt\">\n\n\n<div class=\"slick-dimizu_postlist-block_5e77863361cea\">\n  \n  \n\n\t\n        <div class=\"dimizu_postlist_wrapper genussrad  \">\n          <a href=\"https:\/\/www.traminerhof.it\/it\/bike\/touren\/grande-giro-del-mitterberg-monte-di-mezzo-205\/\">\n            \n        <img loading=\"lazy\" decoding=\"async\" src=\"https:\/\/www.traminerhof.it\/wp-content\/uploads\/2020\/04\/radfoto_weinberge2_zugeschnitten-489x400.jpg\" alt=\"\" width=\"337\" height=\"400\">\n      \n            <div class=\"dimizu_postlist_caption\">\n              \n                  \n              \n        <div class=\"kategorieinfos\">\n        Ciclisti gourmet \n        <\/div>\n\n           \n              <h3 class=\"entry-title card-title\">Grande Giro del Mitterberg (Monte di Mezzo) | 205<\/h3>\n               \n        <div class=\"weiterinfos\">\n        <div class=\"entry-distanz\"><i class=\"far fa-arrow-alt-circle-right\"><\/i> 48.2 km<\/div><div class=\"entry-hoehenmeter\">\n                        <span>\n                           <i class=\"fas fa-long-arrow-alt-up fa-right-rotate\"><\/i>  \n                           <i class=\"fas fa-mountain\"><\/i>\n                        <\/span>      \n                         480 m<\/div>\n        <\/div>\n\n       \n              \n              <button href=\"https:\/\/www.traminerhof.it\/it\/bike\/touren\/grande-giro-del-mitterberg-monte-di-mezzo-205\/\" class=\"btn btn-primary\">continua<\/button>\n            <\/div>\n          <\/a>\n        <\/div>\n      \n        <div class=\"dimizu_postlist_wrapper genussrad  \">\n          <a href=\"https:\/\/www.traminerhof.it\/it\/bike\/touren\/escursione-a-bolzano-208\/\">\n            \n        <img loading=\"lazy\" decoding=\"async\" src=\"https:\/\/www.traminerhof.it\/wp-content\/uploads\/2020\/04\/bozen-489x400.jpg\" alt=\"\" width=\"337\" height=\"400\">\n      \n            <div class=\"dimizu_postlist_caption\">\n              \n                  \n              \n        <div class=\"kategorieinfos\">\n        Ciclisti gourmet \n        <\/div>\n\n           \n              <h3 class=\"entry-title card-title\">Escursione a Bolzano | 208<\/h3>\n               \n        <div class=\"weiterinfos\">\n        <div class=\"entry-distanz\"><i class=\"far fa-arrow-alt-circle-right\"><\/i> 57.3 km<\/div><div class=\"entry-hoehenmeter\">\n                        <span>\n                           <i class=\"fas fa-long-arrow-alt-up fa-right-rotate\"><\/i>  \n                           <i class=\"fas fa-mountain\"><\/i>\n                        <\/span>      \n                         340 m<\/div>\n        <\/div>\n\n       \n              \n              <button href=\"https:\/\/www.traminerhof.it\/it\/bike\/touren\/escursione-a-bolzano-208\/\" class=\"btn btn-primary\">continua<\/button>\n            <\/div>\n          <\/a>\n        <\/div>\n      <\/div>\n\t\n\t\n\t\n<\/div>\n","protected":false},"excerpt":{"rendered":"<p>Fino al confine linguistico | 201&nbsp; Fino al confine linguistico Attraverso la Brenntalweg si procede verso sud. I vigneti accompagnano il vostro viaggio fino a raggiungere il fondovalle. Su strade poco trafficate si arriva a Margreid dove si pu\u00f2 ammirare la vite originale, piantata nel XVII secolo. Passando per le vecchie tenute e la cantina [&hellip;]<\/p>\n","protected":false},"author":2,"featured_media":1237,"parent":9235,"menu_order":0,"comment_status":"closed","ping_status":"closed","template":"","meta":{"_acf_changed":false,"footnotes":"","_links_to":"","_links_to_target":""},"seite_kategorien":[49,47,51],"acf":[],"yoast_head":"<!-- This site is optimized with the Yoast SEO plugin v22.6 - https:\/\/yoast.com\/wordpress\/plugins\/seo\/ -->\n<title>Fino al confine linguistico | 201 | Traminerhof<\/title>\n<meta name=\"robots\" content=\"index, follow, max-snippet:-1, max-image-preview:large, max-video-preview:-1\" \/>\n<link rel=\"canonical\" href=\"https:\/\/www.traminerhof.it\/it\/bike\/touren\/fino-al-confine-linguistico-201\/\" \/>\n<meta property=\"og:locale\" content=\"it_IT\" \/>\n<meta property=\"og:type\" content=\"article\" \/>\n<meta property=\"og:title\" content=\"Fino al confine linguistico | 201 | Traminerhof\" \/>\n<meta property=\"og:description\" content=\"Fino al confine linguistico | 201&nbsp; Fino al confine linguistico Attraverso la Brenntalweg si procede verso sud. I vigneti accompagnano il vostro viaggio fino a raggiungere il fondovalle. Su strade poco trafficate si arriva a Margreid dove si pu\u00f2 ammirare la vite originale, piantata nel XVII secolo. Passando per le vecchie tenute e la cantina [&hellip;]\" \/>\n<meta property=\"og:url\" content=\"https:\/\/www.traminerhof.it\/it\/bike\/touren\/fino-al-confine-linguistico-201\/\" \/>\n<meta property=\"og:site_name\" content=\"Traminerhof\" \/>\n<meta property=\"article:modified_time\" content=\"2023-07-29T12:14:27+00:00\" \/>\n<meta property=\"og:image\" content=\"https:\/\/www.traminerhof.it\/wp-content\/uploads\/2020\/01\/Tour-an-die-Sprachgrenze.jpg\" \/>\n\t<meta property=\"og:image:width\" content=\"2048\" \/>\n\t<meta property=\"og:image:height\" content=\"1363\" \/>\n\t<meta property=\"og:image:type\" content=\"image\/jpeg\" \/>\n<meta name=\"twitter:card\" content=\"summary_large_image\" \/>\n<meta name=\"twitter:label1\" content=\"Tempo di lettura stimato\" \/>\n\t<meta name=\"twitter:data1\" content=\"1 minuto\" \/>\n<script type=\"application\/ld+json\" class=\"yoast-schema-graph\">{\"@context\":\"https:\/\/schema.org\",\"@graph\":[{\"@type\":\"WebPage\",\"@id\":\"https:\/\/www.traminerhof.it\/it\/bike\/touren\/fino-al-confine-linguistico-201\/\",\"url\":\"https:\/\/www.traminerhof.it\/it\/bike\/touren\/fino-al-confine-linguistico-201\/\",\"name\":\"Fino al confine linguistico | 201 | Traminerhof\",\"isPartOf\":{\"@id\":\"https:\/\/www.traminerhof.it\/#website\"},\"primaryImageOfPage\":{\"@id\":\"https:\/\/www.traminerhof.it\/it\/bike\/touren\/fino-al-confine-linguistico-201\/#primaryimage\"},\"image\":{\"@id\":\"https:\/\/www.traminerhof.it\/it\/bike\/touren\/fino-al-confine-linguistico-201\/#primaryimage\"},\"thumbnailUrl\":\"https:\/\/www.traminerhof.it\/wp-content\/uploads\/2020\/01\/Tour-an-die-Sprachgrenze.jpg\",\"datePublished\":\"2020-06-01T14:55:40+00:00\",\"dateModified\":\"2023-07-29T12:14:27+00:00\",\"breadcrumb\":{\"@id\":\"https:\/\/www.traminerhof.it\/it\/bike\/touren\/fino-al-confine-linguistico-201\/#breadcrumb\"},\"inLanguage\":\"it-IT\",\"potentialAction\":[{\"@type\":\"ReadAction\",\"target\":[\"https:\/\/www.traminerhof.it\/it\/bike\/touren\/fino-al-confine-linguistico-201\/\"]}]},{\"@type\":\"ImageObject\",\"inLanguage\":\"it-IT\",\"@id\":\"https:\/\/www.traminerhof.it\/it\/bike\/touren\/fino-al-confine-linguistico-201\/#primaryimage\",\"url\":\"https:\/\/www.traminerhof.it\/wp-content\/uploads\/2020\/01\/Tour-an-die-Sprachgrenze.jpg\",\"contentUrl\":\"https:\/\/www.traminerhof.it\/wp-content\/uploads\/2020\/01\/Tour-an-die-Sprachgrenze.jpg\",\"width\":2048,\"height\":1363,\"caption\":\"Tour an die Sprachgrenze\"},{\"@type\":\"BreadcrumbList\",\"@id\":\"https:\/\/www.traminerhof.it\/it\/bike\/touren\/fino-al-confine-linguistico-201\/#breadcrumb\",\"itemListElement\":[{\"@type\":\"ListItem\",\"position\":1,\"name\":\"Home\",\"item\":\"https:\/\/www.traminerhof.it\/it\/\"},{\"@type\":\"ListItem\",\"position\":2,\"name\":\"Bike\",\"item\":\"https:\/\/www.traminerhof.it\/it\/bike\/\"},{\"@type\":\"ListItem\",\"position\":3,\"name\":\"Tour\",\"item\":\"https:\/\/www.traminerhof.it\/it\/bike\/touren\/\"},{\"@type\":\"ListItem\",\"position\":4,\"name\":\"Fino al confine linguistico | 201\"}]},{\"@type\":\"WebSite\",\"@id\":\"https:\/\/www.traminerhof.it\/#website\",\"url\":\"https:\/\/www.traminerhof.it\/\",\"name\":\"Traminerhof\",\"description\":\"Good Life. Cool Ride.\",\"potentialAction\":[{\"@type\":\"SearchAction\",\"target\":{\"@type\":\"EntryPoint\",\"urlTemplate\":\"https:\/\/www.traminerhof.it\/?s={search_term_string}\"},\"query-input\":\"required name=search_term_string\"}],\"inLanguage\":\"it-IT\"}]}<\/script>\n<!-- \/ Yoast SEO plugin. -->","yoast_head_json":{"title":"Fino al confine linguistico | 201 | Traminerhof","robots":{"index":"index","follow":"follow","max-snippet":"max-snippet:-1","max-image-preview":"max-image-preview:large","max-video-preview":"max-video-preview:-1"},"canonical":"https:\/\/www.traminerhof.it\/it\/bike\/touren\/fino-al-confine-linguistico-201\/","og_locale":"it_IT","og_type":"article","og_title":"Fino al confine linguistico | 201 | Traminerhof","og_description":"Fino al confine linguistico | 201&nbsp; Fino al confine linguistico Attraverso la Brenntalweg si procede verso sud. I vigneti accompagnano il vostro viaggio fino a raggiungere il fondovalle. Su strade poco trafficate si arriva a Margreid dove si pu\u00f2 ammirare la vite originale, piantata nel XVII secolo. Passando per le vecchie tenute e la cantina [&hellip;]","og_url":"https:\/\/www.traminerhof.it\/it\/bike\/touren\/fino-al-confine-linguistico-201\/","og_site_name":"Traminerhof","article_modified_time":"2023-07-29T12:14:27+00:00","og_image":[{"width":2048,"height":1363,"url":"https:\/\/www.traminerhof.it\/wp-content\/uploads\/2020\/01\/Tour-an-die-Sprachgrenze.jpg","type":"image\/jpeg"}],"twitter_card":"summary_large_image","twitter_misc":{"Tempo di lettura stimato":"1 minuto"},"schema":{"@context":"https:\/\/schema.org","@graph":[{"@type":"WebPage","@id":"https:\/\/www.traminerhof.it\/it\/bike\/touren\/fino-al-confine-linguistico-201\/","url":"https:\/\/www.traminerhof.it\/it\/bike\/touren\/fino-al-confine-linguistico-201\/","name":"Fino al confine linguistico | 201 | Traminerhof","isPartOf":{"@id":"https:\/\/www.traminerhof.it\/#website"},"primaryImageOfPage":{"@id":"https:\/\/www.traminerhof.it\/it\/bike\/touren\/fino-al-confine-linguistico-201\/#primaryimage"},"image":{"@id":"https:\/\/www.traminerhof.it\/it\/bike\/touren\/fino-al-confine-linguistico-201\/#primaryimage"},"thumbnailUrl":"https:\/\/www.traminerhof.it\/wp-content\/uploads\/2020\/01\/Tour-an-die-Sprachgrenze.jpg","datePublished":"2020-06-01T14:55:40+00:00","dateModified":"2023-07-29T12:14:27+00:00","breadcrumb":{"@id":"https:\/\/www.traminerhof.it\/it\/bike\/touren\/fino-al-confine-linguistico-201\/#breadcrumb"},"inLanguage":"it-IT","potentialAction":[{"@type":"ReadAction","target":["https:\/\/www.traminerhof.it\/it\/bike\/touren\/fino-al-confine-linguistico-201\/"]}]},{"@type":"ImageObject","inLanguage":"it-IT","@id":"https:\/\/www.traminerhof.it\/it\/bike\/touren\/fino-al-confine-linguistico-201\/#primaryimage","url":"https:\/\/www.traminerhof.it\/wp-content\/uploads\/2020\/01\/Tour-an-die-Sprachgrenze.jpg","contentUrl":"https:\/\/www.traminerhof.it\/wp-content\/uploads\/2020\/01\/Tour-an-die-Sprachgrenze.jpg","width":2048,"height":1363,"caption":"Tour an die Sprachgrenze"},{"@type":"BreadcrumbList","@id":"https:\/\/www.traminerhof.it\/it\/bike\/touren\/fino-al-confine-linguistico-201\/#breadcrumb","itemListElement":[{"@type":"ListItem","position":1,"name":"Home","item":"https:\/\/www.traminerhof.it\/it\/"},{"@type":"ListItem","position":2,"name":"Bike","item":"https:\/\/www.traminerhof.it\/it\/bike\/"},{"@type":"ListItem","position":3,"name":"Tour","item":"https:\/\/www.traminerhof.it\/it\/bike\/touren\/"},{"@type":"ListItem","position":4,"name":"Fino al confine linguistico | 201"}]},{"@type":"WebSite","@id":"https:\/\/www.traminerhof.it\/#website","url":"https:\/\/www.traminerhof.it\/","name":"Traminerhof","description":"Good Life. Cool Ride.","potentialAction":[{"@type":"SearchAction","target":{"@type":"EntryPoint","urlTemplate":"https:\/\/www.traminerhof.it\/?s={search_term_string}"},"query-input":"required name=search_term_string"}],"inLanguage":"it-IT"}]}},"_links":{"self":[{"href":"https:\/\/www.traminerhof.it\/it\/wp-json\/wp\/v2\/pages\/9280"}],"collection":[{"href":"https:\/\/www.traminerhof.it\/it\/wp-json\/wp\/v2\/pages"}],"about":[{"href":"https:\/\/www.traminerhof.it\/it\/wp-json\/wp\/v2\/types\/page"}],"author":[{"embeddable":true,"href":"https:\/\/www.traminerhof.it\/it\/wp-json\/wp\/v2\/users\/2"}],"replies":[{"embeddable":true,"href":"https:\/\/www.traminerhof.it\/it\/wp-json\/wp\/v2\/comments?post=9280"}],"version-history":[{"count":3,"href":"https:\/\/www.traminerhof.it\/it\/wp-json\/wp\/v2\/pages\/9280\/revisions"}],"predecessor-version":[{"id":19430,"href":"https:\/\/www.traminerhof.it\/it\/wp-json\/wp\/v2\/pages\/9280\/revisions\/19430"}],"up":[{"embeddable":true,"href":"https:\/\/www.traminerhof.it\/it\/wp-json\/wp\/v2\/pages\/9235"}],"wp:featuredmedia":[{"embeddable":true,"href":"https:\/\/www.traminerhof.it\/it\/wp-json\/wp\/v2\/media\/1237"}],"wp:attachment":[{"href":"https:\/\/www.traminerhof.it\/it\/wp-json\/wp\/v2\/media?parent=9280"}],"wp:term":[{"taxonomy":"seite_kategorien","embeddable":true,"href":"https:\/\/www.traminerhof.it\/it\/wp-json\/wp\/v2\/seite_kategorien?post=9280"}],"curies":[{"name":"wp","href":"https:\/\/api.w.org\/{rel}","templated":true}]}}