{"id":9239,"date":"2020-06-01T15:48:02","date_gmt":"2020-06-01T13:48:02","guid":{"rendered":"https:\/\/www.traminerhof.it\/?page_id=9239"},"modified":"2022-12-10T14:35:18","modified_gmt":"2022-12-10T13:35:18","slug":"i-laghi-di-monticolo-1","status":"publish","type":"page","link":"https:\/\/www.traminerhof.it\/it\/bike\/touren\/i-laghi-di-monticolo-1\/","title":{"rendered":"I laghi di Monticolo | 1"},"content":{"rendered":"\n<h1 class=\"has-text-align-center breiteExtraSchmal wp-block-heading\">I laghi di Monticolo | 1<\/h1>\n\n\n\n<h2 class=\"has-text-align-center breiteExtraSchmal wp-block-heading\">Variegato tour con possibilit\u00e0 di fare il bagno ai laghi<\/h2>\n\n\n\n<figure class=\"wp-block-image size-large\"><img loading=\"lazy\" decoding=\"async\" width=\"1170\" height=\"796\" src=\"https:\/\/www.traminerhof.it\/wp-content\/uploads\/2019\/11\/Montiggler-See-1170x796.jpg\" alt=\"Montiggler See\" class=\"wp-image-1164\" srcset=\"https:\/\/www.traminerhof.it\/wp-content\/uploads\/2019\/11\/Montiggler-See-1170x796.jpg 1170w, https:\/\/www.traminerhof.it\/wp-content\/uploads\/2019\/11\/Montiggler-See-1536x1045.jpg 1536w, https:\/\/www.traminerhof.it\/wp-content\/uploads\/2019\/11\/Montiggler-See-768x522.jpg 768w, https:\/\/www.traminerhof.it\/wp-content\/uploads\/2019\/11\/Montiggler-See-585x398.jpg 585w, https:\/\/www.traminerhof.it\/wp-content\/uploads\/2019\/11\/Montiggler-See.jpg 2048w\" sizes=\"(max-width: 1170px) 100vw, 1170px\" \/><\/figure>\n\n\n\n      <div class=\"tourattribute1\">\n      <div class=\"entry-distanz\"><i class=\"far fa-arrow-alt-circle-right\"><\/i> 40.3 km<\/div><div class=\"entry-hoehenmeter\">\n\n<span\">\n  <i class=\"fas fa-long-arrow-alt-up fa-right-rotate\"><\/i>  \n  <i class=\"fas fa-mountain\"><\/i>\n<\/span>      \n      \n      \n      720 m<\/div><div class=\"entry-tiefenmeter\">\n      \n<span>\n \n  <i class=\"fas fa-mountain \"><\/i> \n  <i class=\"fas fa-long-arrow-alt-up fa-left-rotate\"><\/i>  \n<\/span>        \n      \n      720 m<\/div><div class=\"entry-zeit\"><i class=\"far fa-clock\"><\/i> 3 h 30 min<\/div>\n      <\/div>\n     \n     \n\n\n\n<p class=\"breiteSchmal\">Con questo tour normalmente iniziamo, ma non vuol dire, che sia facile! Nei\nboschi di Monticolo tutto \u00e8 possibile \u2013 questo \u00e8 il motivo per il quale\nmettiamo questo tour sul programma il luned\u00ec. Qui ognuno ha la possibilit\u00e0 di\nvedere su quale classe di difficolt\u00e0 appartiene. Ci sono strade forestali e\ntratti larghi e stretti con ghiaia, radici e molti sassi. C\u2019\u00e8 una vista su\ntutti i due Laghi di Monticolo, il Lago di Caldaro e Bolzano.<\/p>\n\n\n\n<p class=\"breiteSchmal\">La cosa bella \u00e8 che ognuno ha la possibilit\u00e0 d\u2019esplorare il bosco per s\u00e9,\nda solo, approfittando delle conoscenze sul posto e sui dintorni.<\/p>\n\n\n\n<p><\/p>\n\n\n\n<p class=\"has-text-align-center breiteSchmal border-bottom-1 pb-2 mb-2 mt-6\">Tour variegato<\/p>\n\n\n\n<p class=\"has-text-align-center breiteSchmal border-bottom-1 pb-2 mb-2\">Bagno nei laghi di Monticolo<\/p>\n\n\n\n<p class=\"has-text-align-center breiteSchmal border-bottom-1 pb-2 mb-2\">Opportunit\u00e0 di mettersi alla prova<\/p>\n\n\n\n<p class=\"breiteSchmal mt-5 mb-5\">Pit stop: Ristorante al Piccolo Lago di Monticolo<\/p>\n\n\n\n      <div class=\"tourattribute2 breiteSchmal\">\n      <div class=\"entry-schwierigkeit\"><span>Condizione&nbsp;<\/span><i class=\"fas fa-circle\"><\/i><i class=\"fas fa-circle\"><\/i><i class=\"fas fa-circle\"><\/i><i class=\"far fa-circle\"><\/i><i class=\"far fa-circle\"><\/i><\/div><div class=\"entry-technik\"><span>Tecnica&nbsp;<\/span><i class=\"fas fa-circle\"><\/i><i class=\"fas fa-circle\"><\/i><i class=\"far fa-circle\"><\/i><i class=\"far fa-circle\"><\/i><i class=\"far fa-circle\"><\/i><\/div><div class=\"entry-panorama\"><span>Panorama&nbsp;<\/span><i class=\"fas fa-circle\"><\/i><i class=\"fas fa-circle\"><\/i><i class=\"fas fa-circle\"><\/i><i class=\"far fa-circle\"><\/i><i class=\"far fa-circle\"><\/i><\/div>\n      <\/div>\n     \n     \n\n\n<div id=\"dimizu_gpxviewer-block_5e77698bae4c9\" class=\"dimizu_gpxviewer   breiteSchmal\">\n<div class=\"gpxv-view\">\n<div id=\"map-container-1-die-montiggler-seen-traminerhof-1\" class=\"map-container\" style=\"width:100%\">\n\t<div class=\"hook\">\n\t\t\n\t\t<div id=\"1-die-montiggler-seen-traminerhof-1\" style=\"height:500px\" class=\"track-map\"><\/div>\n\t\t\n\t\t<div id=\"track1-die-montiggler-seen-traminerhof-1\" class=\"track-info\"  >\n\t\t\t<h3>\n\t\t\t\t<span>GPX-Track <\/span><span class=\"kmhoehe\">-km, -m<\/span>\n\t\t\t\t\t\t\t\t\t<a  href=\"https:\/\/www.traminerhof.it\/wp-content\/uploads\/2022\/12\/1-die-montiggler-seen-traminerhof-1.gpx\"  download=\"1-die-montiggler-seen-traminerhof-1.gpx\" class=\"gpx-file\"  >\n\t\t\t\t\tGPX <i class=\"fas fa-download\"><\/i>\n\t\t\t\t\t<\/a>\n\t\t\t\t\t\t\t<\/h3>\n\t\t\t<div class=\"content\" >\n\t\t\t\t<svg class=\"elevation-profile\"  viewBox=\"0 0 290 230\" >\n\t\t\t\t\t<defs>\n\t\t\t\t\t\t<marker id=\"t\" markerWidth=\"4\" markerHeight=\"4\" orient=\"auto\" refY=\"2\" refX=\"3\">\n\t\t\t\t\t\t<path d=\"M0,0 L4,2 0,4\" fill=\"#000\"><\/path>\n\t\t\t\t\t\t<\/marker>\n\t\t\t\t\t<\/defs>\n\t\t\t\t\t<g transform=\"translate(50,10)\">\n\t\t\t\t\t<!-- horizontal -->\n\t\t\t\t\t<!-- y = 50 (180-50)-->\n\t\t\t\t\t<line class=\"line\" x1=\"-5\" y1=\"160\" x2=\"220\" y2=\"160\"><\/line>\n\t\t\t\t\t<text class=\"h1 line\" x=\"-5\" y=\"160\" text-anchor=\"end\">50<\/text>\n\t\t\t\t\t<line class=\"line\" x1=\"-5\" y1=\"120\" x2=\"220\" y2=\"120\"><\/line>\n\t\t\t\t\t<text class=\"h2 line\" x=\"-5\" y=\"120\" text-anchor=\"end\">100<\/text>\n\t\t\t\t\t<line class=\"line\" x1=\"-5\" y1=\"80\" x2=\"220\" y2=\"80\"><\/line>\n\t\t\t\t\t<text class=\"h3 line\" x=\"-5\" y=\"80\" text-anchor=\"end\">150<\/text>\n\t\t\t\t\t<line class=\"line\" x1=\"-5\" y1=\"40\" x2=\"220\" y2=\"40\"><\/line>\n\t\t\t\t\t<text class=\"h4 line\" x=\"-5\" y=\"40\" text-anchor=\"end\">200<\/text>\n\t\t\t\t\t<!-- Vertical -->\n\t\t\t\t\t<g class=\"v1\" transform=\"translate(60,0)\">\n\t\t\t\t\t\t<line class=\"line\" x1=\"0\" y1=\"0\" x2=\"0\" y2=\"185\"><\/line>\n\t\t\t\t\t\t<text  class=\"line\" x=\"0\" y=\"193\" text-anchor=\"middle\">5<\/text>\n\t\t\t\t\t<\/g>\n\t\t\t\t\t<g class=\"v2\" transform=\"translate(120,0)\">\n\t\t\t\t\t\t<line class=\"line\" x1=\"0\" y1=\"0\" x2=\"0\" y2=\"185\"><\/line>\n\t\t\t\t\t\t<text  class=\"line\" x=\"0\" y=\"193\" text-anchor=\"middle\">10<\/text>\n\t\t\t\t\t<\/g>\n\t\t\t\t\t<g class=\"v3\" transform=\"translate(180,0)\">\n\t\t\t\t\t\t<line class=\"line\" x1=\"0\" y1=\"0\" x2=\"0\" y2=\"185\"><\/line>\n\t\t\t\t\t\t<text id=\"v3\" class=\"line\" x=\"0\" y=\"193\" text-anchor=\"middle\">15<\/text>\n\t\t\t\t\t<\/g>\n\t\t\t\t\t<!-- cadre  -->\n\t\t\t\t\t<rect x=\"0\" y=\"0\" width=\"220\" height=\"180\" ><\/rect>\n\t\t\t\t\t<!-- horizontal axis x -->\n\t\t\t\t\t<line class=\"axis\" x1=\"0\" y1=\"180\" x2=\"210\" y2=\"180\"  marker-end=\"url(#t)\"><\/line>\n\t\t\t\t\t<text x=\"110\" y=\"210\" text-anchor=\"middle\">Distance (km)<\/text>\n\t\t\t\t\t<!-- vertical axis y -->\n\t\t\t\t\t<line class=\"axis\" x1=\"0\" y1=\"180\" x2=\"0\" y2=\"10\" marker-end=\"url(#t)\"><\/line>\n\t\t\t\t\t<text x=\"0\" y=\"0\" transform=\"rotate(-90) translate(-100, -40)\" text-anchor=\"middle\">Elevation (m)<\/text>\n\t\t\t\t\t<path class=\"profile-line\" d=\"\"><\/path>\n\t\t\t\t\n\t\t\t\t\t<line class=\"move-line\" x1=\"0\" y1=\"185\" x2=\"0\" y2=\"-5\"><\/line>\n\t\t\t\t\t<\/g>\n\t\t\t\t<\/svg>\n<!--\t\t\t\t<div class=\"gpx-no-data\">No elevation data<\/div>-->\n\t\t\t\t<table class=\"properties\">\n\t\t\t\t\t<tr>\n\t\t\t\t\t\t<td >Name: <\/td>\n\t\t\t\t\t\t<td class=\"gpx-name\"><em>No data<\/em><\/td>\n\t\t\t\t\t<\/tr>\n\t\t\t\t\t<tr>\n\t\t\t\t\t\t<td>Distance: <\/td>\n\t\t\t\t\t\t<td class=\"gpx-distance\"><em>No data<\/em><\/td>\n\t\t\t\t\t<\/tr>\n\t\t\t\t\t<tr>\n\t\t\t\t\t\t<td>Minimum elevation: <\/td>\n\t\t\t\t\t\t<td  class=\"gpx-min-elevation\" ><em>No data<\/em><\/td>\n\t\t\t\t\t<\/tr>\n\t\t\t\t\t<tr>\n\t\t\t\t\t\t<td>Maximum elevation: <\/td>\n\t\t\t\t\t\t<td  class=\"gpx-max-elevation\" ><em>No data<\/em><\/td>\n\t\t\t\t\t<\/tr>\n\t\t\t\t\t<tr>\n\t\t\t\t\t\t<td>Elevation gain: <\/td>\n\t\t\t\t\t\t<td  class=\"gpx-elevation-gain\" ><em>No data<\/em><\/td>\n\t\t\t\t\t<\/tr>\n\t\t\t\t\t<tr >\n\t\t\t\t\t\t<td>Elevation loss: <\/td>\n\t\t\t\t\t\t<td class=\"gpx-elevation-loss\" ><em>No data<\/em><\/td>\n\t\t\t\t\t<\/tr>\n\t\t\t\t\t<tr>\n\t\t\t\t\t\t<td>Duration: <\/td>\n\t\t\t\t\t\t<td class=\"gpx-duration\" ><em>No data<\/em><\/td>\n\t\t\t\t\t<\/tr>\n\t\t\t\t<\/table>\n\t\t\t<\/div>\n\t\t<\/div>\n\t<\/div>\n<\/div>\n\n<\/div>\n<\/div>\n\n\n\n<h1 class=\"has-text-align-center mt-7 wp-block-heading\"> SCOPRI DI PI\u00d9<\/h1>\n\n\n\n<h2 class=\"has-text-align-center wp-block-heading\">Potrebbero piacerti anche questi tour<\/h2>\n\n\n\n\n\n\n\t\n\n\t\n\n\t\n<script>\njQuery(document).ready(function($) {\n\t\n\n\t\t\t$('.slick-dimizu_postlist-block_5e77863361cea').slick({\n\n\t\t\t\tslidesToShow: 3, \n\t\t\t\tslidesToScroll: 1, \n\t\t\t\tdots: false,\n\t\t\t\tarrows: true,\n\t\t\t\tautoplay: false,\n\t\t\t\tresponsive: [\n\t\t\t\t\t\t{\n\t\t\t\t\t\t\tbreakpoint: 992,\n\t\t\t\t\t\t\tsettings: {\n\n\t\t\t\t\t\t\t\tslidesToShow: 3, \n\t\t\t\t\t\t\t\tslidesToScroll: 1, \n\t\t\t\t\t\t\t\t}\n\t\t\t\t\t\t},\n\t\t\t\t\t\t{\n\t\t\t\t\t\t\tbreakpoint: 768,\n\t\t\t\t\t\t\tsettings: {\n\n\t\t\t\t\t\t\t\tslidesToShow: 2,\n\t\t\t\t\t\t\t\tslidesToScroll: 1,\n\t\t\t\t\t\t\t}\n\t\t\t\t\t\t},\n\t\t\t\t\t\t{\n\t\t\t\t\t\t\tbreakpoint: 576,\n\t\t\t\t\t\t\tsettings: {\n\t\t\t\t\t\t\t\tslidesToShow: 1,\n\t\t\t\t\t\t\t\tslidesToScroll: 1,\n\t\t\n\t\t\t\t\t\t\t}\n\t\t\t\t\t\t}\n\t\t\t\t\t\t\t\t\t\t\t\t\t\t\t \n\t\t\t\t\t],\t\t\t\t\n\n\t\t\t\t\n\t\t\t});\n}); \n<\/script>\n\t\n\n\n<script>\n(function($) {\n\t$(document).ready( function() {\n  \n  \n\t\tvar buttonFilters = {};\n\t\tvar buttonFilter = '*';\n   \n    var grid=$('.slick-dimizu_postlist-block_5e77863361cea').imagesLoaded( function() {\n\n\t\t\n        grid.isotope({\n         itemSelector: '.dimizu_postlist_wrapper',\n         layoutMode: 'fitRows',\n          transitionDuration: '0.6s',\n        });\n\n\n        var items = grid.find('.dimizu_postlist_wrapper');\n        grid.addClass('is-showing-items').isotope( 'revealItemElements', items );\n\n\n        \/\/wenn lazie load verwendet wird (class='ll')\n        grid.on( 'arrangeComplete', function( event, filteredItems ) {\n          \/\/console.log( 'arrangeComplete with ' + filteredItems.length + ' items' );\n          $(window).scroll();\n        });\n\n\n        $('.filterGruppe').on( 'click', '.filterbtn', function() {\n          var buttonGroup = $(this).parents('.gruppefilterbtns');\n          var filterGroup = buttonGroup.attr('filter-gruppefilterbtns');\n          buttonFilters[ filterGroup ] = $(this).attr('data-filter');\n          buttonFilter = concatValues( buttonFilters ) || '*';\n\n\n\n          \/\/console.log( buttonFilters );\n          \/\/console.log( buttonFilter );\n          \/\/grid.isotope();\n        });\n        $('.gruppefilterbtns').each( function( i, buttonGroup ) {\n          var buttonGroup = $( buttonGroup );\n          buttonGroup.on( 'click', '.filterbtn', function() {\n            buttonGroup.find('.is-checked').removeClass('is-checked');\n            $(this).addClass('is-checked');\n          });\n        });\n\n\n        \/\/ Alphabetical sort\n        \/\/ Sort items alphabetically based on \n        var sortValue = false;\n        $('.sort').on('click', function(){\n            var currentHash = location.hash;\n            if ( $(this).hasClass('is-checked') ) {\n                sortValue = false;\n                location.hash = currentHash.replace( \/&sort=([^&]+)\/i, '');\n            } else {\n                sortValue = $(this).attr('data-sort-value');\n                location.hash = currentHash + '&sort=' + encodeURIComponent( sortValue );\n            }\n        });\n\n\n\n        var filters = {};\n        $( '.gruppefilterbtns button' ).on( 'click', filterSelect );\n\n        \/\/ Set the URI hash to the current selected filters\n        function filterSelect() {\n            var hashFilter = getHashFilter();\n            filters['fk1'] = hashFilter['fk1'];\n            filters['fk2'] = hashFilter['fk2'];\n            var currentFilter = $(this).attr('data-filter');\n            var navGroup = $(this).parents('.gruppefilterbtns');\n            var filterGroup = navGroup.attr('filter-gruppefilterbtns');\n\n            if ( currentFilter == hashFilter['fk1'] || currentFilter == hashFilter['fk2'] ) {\n                filters[ filterGroup ] = '*';\n            } else {\n                filters[ filterGroup ] = $(this).attr('data-filter');\n            }\n            \/\/console.log(filters['fk2']);\n            if (filters['fk2']) {\n              var newHash = 'fk1=' + encodeURIComponent( filters['fk1'] ) + '&fk2=' + encodeURIComponent( filters['fk2'] );\n            }\n            else {\n              var newHash = 'fk1=' + encodeURIComponent( filters['fk1'] ) ;\n            }\n\n\n            if ( sortValue ) {\n                newHash = newHash + '&sort=' + encodeURIComponent( sortValue );\n            }\n            location.hash = newHash;\n        } \n\n        function onHashChange() {\n\n            \/\/ Current hash value\n            var hashFilter = getHashFilter();\n            \/\/ Concatenate typ and ort for Isotope filtering\n            var theFilter = hashFilter['fk1'] + hashFilter['fk2'];\n\n            if ( hashFilter ) {\n                \/\/ Repaint Isotope container with current filters and sorts\n                grid.isotope({\n                    filter:  decodeURIComponent( theFilter ),\n                    sortBy: hashFilter['sorts']\n                } );\n\n                \/\/ Toggle is-checked status of sort button\n                if ( hashFilter['sorts'] ) {\n                    $('.sort').addClass('is-checked');\n                } else {\n                    $('.sort').removeClass('is-checked');\n                }\n                \/\/ Toggle is-checked status of filter buttons ssss\n                $( '.gruppefilterbtns' ).find('.is-checked').removeClass('is-checked');\n\n                $( '.gruppefilterbtns.fk1' ).find(\"[data-filter='\" + hashFilter[\"fk1\"] + \"']\").addClass('is-checked');\n                $( '.gruppefilterbtns.fk2' ).find(\"[data-filter='\" + hashFilter[\"fk2\"] + \"']\").addClass('is-checked');\n\n\n\n              var elems = grid.isotope('getItemElements');\n              var filteredElems = grid.isotope('getFilteredItemElements');\n\n\n\n              elems.forEach(function(item,index){\n                item.classList.remove('sichtbarVersetzt');\n\n              })\n\n              var count = 0;\n              filteredElems.forEach(function(item,index){\n                if ( count  % 3 == 1 ) item.classList.add('sichtbarVersetzt');\n                count++;\n\n              })  \n\n            }\n        } \/\/ onHahschange\n\n        function getHashFilter() {\n            \/\/ Get filters (matches) and sort order (sorts)\n            var fk1 = location.hash.match( \/fk1=([^&]+)\/i );\n            var fk2 = location.hash.match( \/fk2=([^&]+)\/i );\n            var sorts = location.hash.match( \/sort=([^&]+)\/i );\n\n            \/\/ Set up a hashFilter array\n            var hashFilter = {};\n            \/\/ Populate array with matches and sorts using ternary logic\n            hashFilter['fk1'] = fk1 ? fk1[1] : '*';\n            hashFilter['fk2'] = fk2 ? fk2[1] : '*';\n            hashFilter['sorts'] = sorts ? sorts[1]: '';\n\n            return hashFilter;\n        } \/\/ getHashFilter\n\n        \/\/ When the hash changes, run onHashchange\n        window.onhashchange = onHashChange;\n\n\n        \/\/ When the page loads for the first time, run onHashChange\n        onHashChange();\n\n\n        var initShow = 6; \/\/number of images loaded on init & onclick load more button\n        var iso = grid.data('isotope'); \/\/ get Isotope instance\n        var counter = initShow; \n\n        if($('a[href*=#load-more]').length) {\n          var loadmorelink = $('a[href*=#load-more]').attr('href');\n          var teile = loadmorelink.split('-');\n          initShow=parseInt(teile[2]);\n          counter = initShow; \/\/counter for load more button\n          \n\t\t      loadMore(initShow); \/\/if Button with #load-more exists then execute function onload\n        }\n        \n        function loadMore(toShow) {\n          grid.find('.hidden').removeClass('hidden');\n\n          var hiddenElems = iso.filteredItems.slice(toShow, iso.filteredItems.length).map(function(item) {\n            return item.element;\n          });\n          $(hiddenElems).addClass('hidden');\n          grid.isotope('layout');\n\n          \/\/when no more to load, hide show more button\n          if (hiddenElems.length == 0) {\n            $('#load-more').hide();\n          } \n          else {\n            $('#load-more').show();\n          };\n        }\n\n\n\n        $('a[href*=#load-more]').click(function() {\n          if ($('#filters').data('clicked')) {\n            \/\/when filter button clicked, set initial value for counter\n            counter = initShow;\n            j$('#filters').data('clicked', false);\n          } else {\n            counter = counter;\n          };\n\n          counter = counter + initShow;\n\n          loadMore(counter);\n        });\n\n\n\t\t\n\t\t}); \/\/ imagesLoaded\n\t\t\n\n     \n\t\t\n\t\t\n\t});  \/\/ ready\n})(jQuery);\n\n\nfunction concatValues( obj ) {\n\tvar value = '';\n\tfor ( var prop in obj ) {\n\t\tvalue += obj[ prop ];\n\t}\n\treturn value;\n}\n<\/script>\n\n\n\n<div id=\"dimizu_postlist-block_5e77863361cea\" class=\"dimizu_postlist SpecialCarousel  versetzt\">\n\n\n<div class=\"slick-dimizu_postlist-block_5e77863361cea\">\n  \n  \n\n\t\n        <div class=\"dimizu_postlist_wrapper mtb-it  \">\n          <a href=\"https:\/\/www.traminerhof.it\/it\/bike\/touren\/termeno-sentiero-prazoll-6\/\">\n            \n        <img loading=\"lazy\" decoding=\"async\" src=\"https:\/\/www.traminerhof.it\/wp-content\/uploads\/2020\/04\/shooting-armin-03498-489x400.jpg\" alt=\"\" width=\"337\" height=\"400\">\n      \n            <div class=\"dimizu_postlist_caption\">\n              <div class=\"entry-ebikeladestation\"><div class=\"iconRund\"><i class=\"fas fa-plug\"><\/i><\/div><\/div>\n                  \n              \n        <div class=\"kategorieinfos\">\n        MTB \n        <\/div>\n\n           \n              <h3 class=\"entry-title card-title\">Termeno-Sentiero Prazoll | 6<\/h3>\n               \n        <div class=\"weiterinfos\">\n        <div class=\"entry-distanz\"><i class=\"far fa-arrow-alt-circle-right\"><\/i> 19.4 km<\/div><div class=\"entry-hoehenmeter\">\n                        <span>\n                           <i class=\"fas fa-long-arrow-alt-up fa-right-rotate\"><\/i>  \n                           <i class=\"fas fa-mountain\"><\/i>\n                        <\/span>      \n                         680 m<\/div>\n        <\/div>\n\n       \n              \n              <button href=\"https:\/\/www.traminerhof.it\/it\/bike\/touren\/termeno-sentiero-prazoll-6\/\" class=\"btn btn-primary\">continua<\/button>\n            <\/div>\n          <\/a>\n        <\/div>\n      \n        <div class=\"dimizu_postlist_wrapper mtb-it  \">\n          <a href=\"https:\/\/www.traminerhof.it\/it\/bike\/touren\/termeno-termeno-3\/\">\n            \n        <img loading=\"lazy\" decoding=\"async\" src=\"https:\/\/www.traminerhof.it\/wp-content\/uploads\/2020\/04\/tramin-adrian-krainer-6-489x400.jpg\" alt=\"\" width=\"337\" height=\"400\">\n      \n            <div class=\"dimizu_postlist_caption\">\n              <div class=\"entry-ebikeladestation\"><div class=\"iconRund\"><i class=\"fas fa-plug\"><\/i><\/div><\/div>\n                  \n              \n        <div class=\"kategorieinfos\">\n        MTB \n        <\/div>\n\n           \n              <h3 class=\"entry-title card-title\">Termeno-Termeno | 3<\/h3>\n               \n        <div class=\"weiterinfos\">\n        <div class=\"entry-distanz\"><i class=\"far fa-arrow-alt-circle-right\"><\/i> 34.5 km<\/div><div class=\"entry-hoehenmeter\">\n                        <span>\n                           <i class=\"fas fa-long-arrow-alt-up fa-right-rotate\"><\/i>  \n                           <i class=\"fas fa-mountain\"><\/i>\n                        <\/span>      \n                         850 m<\/div>\n        <\/div>\n\n       \n              \n              <button href=\"https:\/\/www.traminerhof.it\/it\/bike\/touren\/termeno-termeno-3\/\" class=\"btn btn-primary\">continua<\/button>\n            <\/div>\n          <\/a>\n        <\/div>\n      <\/div>\n\t\n\t\n\t\n<\/div>\n","protected":false},"excerpt":{"rendered":"<p>I laghi di Monticolo | 1 Variegato tour con possibilit\u00e0 di fare il bagno ai laghi Con questo tour normalmente iniziamo, ma non vuol dire, che sia facile! Nei boschi di Monticolo tutto \u00e8 possibile \u2013 questo \u00e8 il motivo per il quale mettiamo questo tour sul programma il luned\u00ec. Qui ognuno ha la possibilit\u00e0 [&hellip;]<\/p>\n","protected":false},"author":2,"featured_media":1165,"parent":9235,"menu_order":0,"comment_status":"closed","ping_status":"closed","template":"","meta":{"_acf_changed":false,"footnotes":"","_links_to":"","_links_to_target":""},"seite_kategorien":[47,48,51],"acf":[],"yoast_head":"<!-- This site is optimized with the Yoast SEO plugin v22.6 - https:\/\/yoast.com\/wordpress\/plugins\/seo\/ -->\n<title>I laghi di Monticolo | 1 | Traminerhof<\/title>\n<meta name=\"robots\" content=\"index, follow, max-snippet:-1, max-image-preview:large, max-video-preview:-1\" \/>\n<link rel=\"canonical\" href=\"https:\/\/www.traminerhof.it\/it\/bike\/touren\/i-laghi-di-monticolo-1\/\" \/>\n<meta property=\"og:locale\" content=\"it_IT\" \/>\n<meta property=\"og:type\" content=\"article\" \/>\n<meta property=\"og:title\" content=\"I laghi di Monticolo | 1 | Traminerhof\" \/>\n<meta property=\"og:description\" content=\"I laghi di Monticolo | 1 Variegato tour con possibilit\u00e0 di fare il bagno ai laghi Con questo tour normalmente iniziamo, ma non vuol dire, che sia facile! Nei boschi di Monticolo tutto \u00e8 possibile \u2013 questo \u00e8 il motivo per il quale mettiamo questo tour sul programma il luned\u00ec. Qui ognuno ha la possibilit\u00e0 [&hellip;]\" \/>\n<meta property=\"og:url\" content=\"https:\/\/www.traminerhof.it\/it\/bike\/touren\/i-laghi-di-monticolo-1\/\" \/>\n<meta property=\"og:site_name\" content=\"Traminerhof\" \/>\n<meta property=\"article:modified_time\" content=\"2022-12-10T13:35:18+00:00\" \/>\n<meta property=\"og:image\" content=\"https:\/\/www.traminerhof.it\/wp-content\/uploads\/2019\/11\/Montiggler-See.jpg\" \/>\n\t<meta property=\"og:image:width\" content=\"2048\" \/>\n\t<meta property=\"og:image:height\" content=\"1393\" \/>\n\t<meta property=\"og:image:type\" content=\"image\/jpeg\" \/>\n<meta name=\"twitter:card\" content=\"summary_large_image\" \/>\n<meta name=\"twitter:label1\" content=\"Tempo di lettura stimato\" \/>\n\t<meta name=\"twitter:data1\" content=\"1 minuto\" \/>\n<script type=\"application\/ld+json\" class=\"yoast-schema-graph\">{\"@context\":\"https:\/\/schema.org\",\"@graph\":[{\"@type\":\"WebPage\",\"@id\":\"https:\/\/www.traminerhof.it\/it\/bike\/touren\/i-laghi-di-monticolo-1\/\",\"url\":\"https:\/\/www.traminerhof.it\/it\/bike\/touren\/i-laghi-di-monticolo-1\/\",\"name\":\"I laghi di Monticolo | 1 | Traminerhof\",\"isPartOf\":{\"@id\":\"https:\/\/www.traminerhof.it\/#website\"},\"primaryImageOfPage\":{\"@id\":\"https:\/\/www.traminerhof.it\/it\/bike\/touren\/i-laghi-di-monticolo-1\/#primaryimage\"},\"image\":{\"@id\":\"https:\/\/www.traminerhof.it\/it\/bike\/touren\/i-laghi-di-monticolo-1\/#primaryimage\"},\"thumbnailUrl\":\"https:\/\/www.traminerhof.it\/wp-content\/uploads\/2019\/11\/Montiggler-See.jpg\",\"datePublished\":\"2020-06-01T13:48:02+00:00\",\"dateModified\":\"2022-12-10T13:35:18+00:00\",\"breadcrumb\":{\"@id\":\"https:\/\/www.traminerhof.it\/it\/bike\/touren\/i-laghi-di-monticolo-1\/#breadcrumb\"},\"inLanguage\":\"it-IT\",\"potentialAction\":[{\"@type\":\"ReadAction\",\"target\":[\"https:\/\/www.traminerhof.it\/it\/bike\/touren\/i-laghi-di-monticolo-1\/\"]}]},{\"@type\":\"ImageObject\",\"inLanguage\":\"it-IT\",\"@id\":\"https:\/\/www.traminerhof.it\/it\/bike\/touren\/i-laghi-di-monticolo-1\/#primaryimage\",\"url\":\"https:\/\/www.traminerhof.it\/wp-content\/uploads\/2019\/11\/Montiggler-See.jpg\",\"contentUrl\":\"https:\/\/www.traminerhof.it\/wp-content\/uploads\/2019\/11\/Montiggler-See.jpg\",\"width\":2048,\"height\":1393,\"caption\":\"Montiggler See\"},{\"@type\":\"BreadcrumbList\",\"@id\":\"https:\/\/www.traminerhof.it\/it\/bike\/touren\/i-laghi-di-monticolo-1\/#breadcrumb\",\"itemListElement\":[{\"@type\":\"ListItem\",\"position\":1,\"name\":\"Home\",\"item\":\"https:\/\/www.traminerhof.it\/it\/\"},{\"@type\":\"ListItem\",\"position\":2,\"name\":\"Bike\",\"item\":\"https:\/\/www.traminerhof.it\/it\/bike\/\"},{\"@type\":\"ListItem\",\"position\":3,\"name\":\"Tour\",\"item\":\"https:\/\/www.traminerhof.it\/it\/bike\/touren\/\"},{\"@type\":\"ListItem\",\"position\":4,\"name\":\"I laghi di Monticolo | 1\"}]},{\"@type\":\"WebSite\",\"@id\":\"https:\/\/www.traminerhof.it\/#website\",\"url\":\"https:\/\/www.traminerhof.it\/\",\"name\":\"Traminerhof\",\"description\":\"Good Life. Cool Ride.\",\"potentialAction\":[{\"@type\":\"SearchAction\",\"target\":{\"@type\":\"EntryPoint\",\"urlTemplate\":\"https:\/\/www.traminerhof.it\/?s={search_term_string}\"},\"query-input\":\"required name=search_term_string\"}],\"inLanguage\":\"it-IT\"}]}<\/script>\n<!-- \/ Yoast SEO plugin. -->","yoast_head_json":{"title":"I laghi di Monticolo | 1 | Traminerhof","robots":{"index":"index","follow":"follow","max-snippet":"max-snippet:-1","max-image-preview":"max-image-preview:large","max-video-preview":"max-video-preview:-1"},"canonical":"https:\/\/www.traminerhof.it\/it\/bike\/touren\/i-laghi-di-monticolo-1\/","og_locale":"it_IT","og_type":"article","og_title":"I laghi di Monticolo | 1 | Traminerhof","og_description":"I laghi di Monticolo | 1 Variegato tour con possibilit\u00e0 di fare il bagno ai laghi Con questo tour normalmente iniziamo, ma non vuol dire, che sia facile! Nei boschi di Monticolo tutto \u00e8 possibile \u2013 questo \u00e8 il motivo per il quale mettiamo questo tour sul programma il luned\u00ec. Qui ognuno ha la possibilit\u00e0 [&hellip;]","og_url":"https:\/\/www.traminerhof.it\/it\/bike\/touren\/i-laghi-di-monticolo-1\/","og_site_name":"Traminerhof","article_modified_time":"2022-12-10T13:35:18+00:00","og_image":[{"width":2048,"height":1393,"url":"https:\/\/www.traminerhof.it\/wp-content\/uploads\/2019\/11\/Montiggler-See.jpg","type":"image\/jpeg"}],"twitter_card":"summary_large_image","twitter_misc":{"Tempo di lettura stimato":"1 minuto"},"schema":{"@context":"https:\/\/schema.org","@graph":[{"@type":"WebPage","@id":"https:\/\/www.traminerhof.it\/it\/bike\/touren\/i-laghi-di-monticolo-1\/","url":"https:\/\/www.traminerhof.it\/it\/bike\/touren\/i-laghi-di-monticolo-1\/","name":"I laghi di Monticolo | 1 | Traminerhof","isPartOf":{"@id":"https:\/\/www.traminerhof.it\/#website"},"primaryImageOfPage":{"@id":"https:\/\/www.traminerhof.it\/it\/bike\/touren\/i-laghi-di-monticolo-1\/#primaryimage"},"image":{"@id":"https:\/\/www.traminerhof.it\/it\/bike\/touren\/i-laghi-di-monticolo-1\/#primaryimage"},"thumbnailUrl":"https:\/\/www.traminerhof.it\/wp-content\/uploads\/2019\/11\/Montiggler-See.jpg","datePublished":"2020-06-01T13:48:02+00:00","dateModified":"2022-12-10T13:35:18+00:00","breadcrumb":{"@id":"https:\/\/www.traminerhof.it\/it\/bike\/touren\/i-laghi-di-monticolo-1\/#breadcrumb"},"inLanguage":"it-IT","potentialAction":[{"@type":"ReadAction","target":["https:\/\/www.traminerhof.it\/it\/bike\/touren\/i-laghi-di-monticolo-1\/"]}]},{"@type":"ImageObject","inLanguage":"it-IT","@id":"https:\/\/www.traminerhof.it\/it\/bike\/touren\/i-laghi-di-monticolo-1\/#primaryimage","url":"https:\/\/www.traminerhof.it\/wp-content\/uploads\/2019\/11\/Montiggler-See.jpg","contentUrl":"https:\/\/www.traminerhof.it\/wp-content\/uploads\/2019\/11\/Montiggler-See.jpg","width":2048,"height":1393,"caption":"Montiggler See"},{"@type":"BreadcrumbList","@id":"https:\/\/www.traminerhof.it\/it\/bike\/touren\/i-laghi-di-monticolo-1\/#breadcrumb","itemListElement":[{"@type":"ListItem","position":1,"name":"Home","item":"https:\/\/www.traminerhof.it\/it\/"},{"@type":"ListItem","position":2,"name":"Bike","item":"https:\/\/www.traminerhof.it\/it\/bike\/"},{"@type":"ListItem","position":3,"name":"Tour","item":"https:\/\/www.traminerhof.it\/it\/bike\/touren\/"},{"@type":"ListItem","position":4,"name":"I laghi di Monticolo | 1"}]},{"@type":"WebSite","@id":"https:\/\/www.traminerhof.it\/#website","url":"https:\/\/www.traminerhof.it\/","name":"Traminerhof","description":"Good Life. Cool Ride.","potentialAction":[{"@type":"SearchAction","target":{"@type":"EntryPoint","urlTemplate":"https:\/\/www.traminerhof.it\/?s={search_term_string}"},"query-input":"required name=search_term_string"}],"inLanguage":"it-IT"}]}},"_links":{"self":[{"href":"https:\/\/www.traminerhof.it\/it\/wp-json\/wp\/v2\/pages\/9239"}],"collection":[{"href":"https:\/\/www.traminerhof.it\/it\/wp-json\/wp\/v2\/pages"}],"about":[{"href":"https:\/\/www.traminerhof.it\/it\/wp-json\/wp\/v2\/types\/page"}],"author":[{"embeddable":true,"href":"https:\/\/www.traminerhof.it\/it\/wp-json\/wp\/v2\/users\/2"}],"replies":[{"embeddable":true,"href":"https:\/\/www.traminerhof.it\/it\/wp-json\/wp\/v2\/comments?post=9239"}],"version-history":[{"count":3,"href":"https:\/\/www.traminerhof.it\/it\/wp-json\/wp\/v2\/pages\/9239\/revisions"}],"predecessor-version":[{"id":17823,"href":"https:\/\/www.traminerhof.it\/it\/wp-json\/wp\/v2\/pages\/9239\/revisions\/17823"}],"up":[{"embeddable":true,"href":"https:\/\/www.traminerhof.it\/it\/wp-json\/wp\/v2\/pages\/9235"}],"wp:featuredmedia":[{"embeddable":true,"href":"https:\/\/www.traminerhof.it\/it\/wp-json\/wp\/v2\/media\/1165"}],"wp:attachment":[{"href":"https:\/\/www.traminerhof.it\/it\/wp-json\/wp\/v2\/media?parent=9239"}],"wp:term":[{"taxonomy":"seite_kategorien","embeddable":true,"href":"https:\/\/www.traminerhof.it\/it\/wp-json\/wp\/v2\/seite_kategorien?post=9239"}],"curies":[{"name":"wp","href":"https:\/\/api.w.org\/{rel}","templated":true}]}}