{"id":9139,"date":"2020-05-30T18:51:07","date_gmt":"2020-05-30T16:51:07","guid":{"rendered":"https:\/\/www.traminerhof.it\/?page_id=9139"},"modified":"2025-10-13T08:03:07","modified_gmt":"2025-10-13T06:03:07","slug":"biker-week-vacanza-attiva-di-categoria-superiore","status":"publish","type":"page","link":"https:\/\/www.traminerhof.it\/it\/offerte\/biker-week-vacanza-attiva-di-categoria-superiore\/","title":{"rendered":"Biker Week &#8211; Vacanza attiva di categoria superiore"},"content":{"rendered":"\n<h2 class=\"wp-block-heading has-text-align-center breiteExtraSchmal\"> Biker Week &#8211; Vacanza attiva di categoria superiore <\/h2>\n\n\n\n<h1 class=\"wp-block-heading has-text-align-center breiteExtraSchmal\"> dal 21.3.-9.11.2025<\/h1>\n\n\n\n<div class=\"wp-block-group zweiButtonszentriert\"><div class=\"wp-block-group__inner-container is-layout-flow wp-block-group-is-layout-flow\">\n<div class=\"wp-block-button\"><a class=\"wp-block-button__link has-rosa-background-color has-background wp-element-button\" href=\"https:\/\/www.traminerhof.it\/it\/richiesta\/\">richiedi<\/a><\/div>\n\n\n\n<div class=\"wp-block-button\"><a class=\"wp-block-button__link has-rosa-background-color has-background wp-element-button\" href=\"https:\/\/www.traminerhof.it\/it\/prenotazione\/\">prenota<\/a><\/div>\n<\/div><\/div>\n\n\n\n<figure class=\"wp-block-image size-large untertitelRund untertitelRund-links mb-5 breiteSchmal\"><img decoding=\"async\" src=\"https:\/\/www.traminerhof.it\/wp-content\/uploads\/2019\/02\/Tramin_Andreas-Meyer_WOM-Me.jpg\" alt=\"Bike-Tour Roen_Foto: WOM Medien\" class=\"wp-image-717\"\/><\/figure>\n\n\n\n<p class=\"breiteSchmal\">Chef Armin e il nostro guida ciclistica Davide, entrambi appassionati di ciclismo, ti guideranno attraverso la bellissima zona intorno a Termeno e al Lago di Caldaro. Su comodi sentieri nel bosco o su singletrail difficili, ce n&#8217;\u00e8 per tutti i gusti, a seconda del tuo animo e del tuo desiderio.<br> Ogni stagione organizziamo pi\u00f9 di 250 visite guidate, quindi l&#8217;esperienza \u00e8 a disposizione. Il nostro punto di forza \u00e8 l&#8217;individualit\u00e0, poich\u00e9 i gruppi sono in media tra i 4 e i 5 ciclisti. Pertanto possiamo rispondere a ciascuno personalmente.<\/p>\n\n\n\n<p><\/p>\n\n\n\n<div class=\"wp-block-group breiteSchmal p-4 has-hell-background-color has-background\"><div class=\"wp-block-group__inner-container is-layout-flow wp-block-group-is-layout-flow\">\n<p><strong>Servizi inclusi nell&#8217;offerta: <\/strong><\/p>\n\n\n\n<ul>\n<li>Soggiorno di 7 giorni; <\/li>\n\n\n\n<li> 4 tour guidati di una giornata in MTB in due categorie di performance: <br>LK 1, Espresso = ca. 1000 &#8211; 1800 altitudine | Single Trail Skala: S0 &#8211; S3<br>LK 2, Cappuccino = ca. 800 &#8211; 1100 altitudine | Single Trail Skala: S0 &#8211; S2<\/li>\n\n\n\n<li>Barretta energetica e bevande; <\/li>\n\n\n\n<li>bottiglia d&#8217;acqua; <\/li>\n\n\n\n<li>mappa; <\/li>\n\n\n\n<li>formazione tecnica durante il tour; <\/li>\n\n\n\n<li>posto per il lavaggio delle biciclette; <\/li>\n\n\n\n<li>lavaggio\/asciugatura di indumenti da bicicletta; <\/li>\n\n\n\n<li>Foto dei tour online; <\/li>\n\n\n\n<li>Carta ospiti mobil &amp; activ; <\/li>\n\n\n\n<li>e tutti i nostri servizi inclusi. <\/li>\n<\/ul>\n<\/div><\/div>\n\n\n\n<p class=\"has-text-align-center breiteSchmal mt-4\"> <a href=\"#klappen1\">listino prezzi<\/a> <a href=\"#klappen1\" class=\"klappen\"><\/a><\/p>\n\n\n\n<div class=\"wp-block-group breiteSchmal mb-6 has-weiss-background-color has-background\"><div class=\"wp-block-group__inner-container is-layout-flow wp-block-group-is-layout-flow\">\n<div id=\"klappen1\" class=\"wp-block-group\"><div class=\"wp-block-group__inner-container is-layout-flow wp-block-group-is-layout-flow\">\n<figure class=\"wp-block-table\"><table><thead><tr><th>Camera<\/th><th>Prezzo<\/th><\/tr><\/thead><tbody><tr><td>Apple &amp; Style come camera singola (ca. 28 m\u00b2) <\/td><td>da \u20ac 1233,-<\/td><\/tr><tr><td>Apple &amp; Style (ca. 28 m\u00b2) <\/td><td>da \u20ac 1016,-<\/td><\/tr><tr><td>Terrazza Lodge (ca. 46 m\u00b2) <\/td><td>da \u20ac 1072,-<\/td><\/tr><tr><td>Doppelzimmer Weinberg (ca. 23 m\u00b2) <\/td><td>da \u20ac 1002,-<\/td><\/tr><tr><td>Komfortzimmer St. Jakob (ca. 30 m\u00b2) <\/td><td>da \u20ac 1051,-<\/td><\/tr><tr><td>Panorama-Suite Wei\u00dfhorn (ca. 40 m\u00b2) <\/td><td>da \u20ac 1093,-<\/td><\/tr><tr><td>Panorama-Suite Roen (ca. 40 m\u00b2) <\/td><td>da \u20ac 1093,-<\/td><\/tr><\/tbody><\/table><\/figure>\n\n\n\n<p>I prezzi si intendono per persona, pacchetto incluso. Si prega di notare anche le nostre osservazioni sui <a href=\"https:\/\/www.traminerhof.it\/it\/cgc\/\">prezzi e AGB<\/a>.<\/p>\n<\/div><\/div>\n<\/div><\/div>\n\n\n\n<h2 class=\"wp-block-heading has-text-align-center mt-7\">Scopri di pi\u00f9<\/h2>\n\n\n\n<h1 class=\"wp-block-heading has-text-align-center breiteSchmal mb-7\"> Queste offerte potrebbero interessarti <\/h1>\n\n\n\n\n\n\n\t\n\n\t\n<script>\njQuery(document).ready(function($) {\n\t\n\n\t\t\t$('.slick-dimizu_postlist-block_7b4dc4ca5afa31e80e214fe975e27066').slick({\n\n\t\t\t\tslidesToShow: 3, \n\t\t\t\tslidesToScroll: 1, \n\t\t\t\tdots: false,\n\t\t\t\tarrows: true,\n\t\t\t\tautoplay: false,\n\t\t\t\tresponsive: [\n\t\t\t\t\t\t{\n\t\t\t\t\t\t\tbreakpoint: 992,\n\t\t\t\t\t\t\tsettings: {\n\n\t\t\t\t\t\t\t\tslidesToShow: 3, \n\t\t\t\t\t\t\t\tslidesToScroll: 1, \n\t\t\t\t\t\t\t\t}\n\t\t\t\t\t\t},\n\t\t\t\t\t\t{\n\t\t\t\t\t\t\tbreakpoint: 768,\n\t\t\t\t\t\t\tsettings: {\n\n\t\t\t\t\t\t\t\tslidesToShow: 2,\n\t\t\t\t\t\t\t\tslidesToScroll: 1,\n\t\t\t\t\t\t\t}\n\t\t\t\t\t\t},\n\t\t\t\t\t\t{\n\t\t\t\t\t\t\tbreakpoint: 576,\n\t\t\t\t\t\t\tsettings: {\n\t\t\t\t\t\t\t\tslidesToShow: 1,\n\t\t\t\t\t\t\t\tslidesToScroll: 1,\n\t\t\n\t\t\t\t\t\t\t}\n\t\t\t\t\t\t}\n\t\t\t\t\t\t\t\t\t\t\t\t\t\t\t \n\t\t\t\t\t],\t\t\t\t\n\n\t\t\t\t\n\t\t\t});\n}); \n<\/script>\n\t\n\n\t\n\n\n<script>\n(function($) {\n\t$(document).ready( function() {\n  \n  \n\t\tvar buttonFilters = {};\n\t\tvar buttonFilter = '*';\n   \n    var grid=$('.slick-dimizu_postlist-block_7b4dc4ca5afa31e80e214fe975e27066').imagesLoaded( function() {\n\n\t\t\n        grid.isotope({\n         itemSelector: '.dimizu_postlist_wrapper',\n         layoutMode: 'fitRows',\n          transitionDuration: '0.6s',\n        });\n\n\n        var items = grid.find('.dimizu_postlist_wrapper');\n        grid.addClass('is-showing-items').isotope( 'revealItemElements', items );\n\n\n        \/\/wenn lazie load verwendet wird (class='ll')\n        grid.on( 'arrangeComplete', function( event, filteredItems ) {\n          \/\/console.log( 'arrangeComplete with ' + filteredItems.length + ' items' );\n          $(window).scroll();\n        });\n\n\n        $('.filterGruppe').on( 'click', '.filterbtn', function() {\n          var buttonGroup = $(this).parents('.gruppefilterbtns');\n          var filterGroup = buttonGroup.attr('filter-gruppefilterbtns');\n          buttonFilters[ filterGroup ] = $(this).attr('data-filter');\n          buttonFilter = concatValues( buttonFilters ) || '*';\n\n\n\n          \/\/console.log( buttonFilters );\n          \/\/console.log( buttonFilter );\n          \/\/grid.isotope();\n        });\n        $('.gruppefilterbtns').each( function( i, buttonGroup ) {\n          var buttonGroup = $( buttonGroup );\n          buttonGroup.on( 'click', '.filterbtn', function() {\n            buttonGroup.find('.is-checked').removeClass('is-checked');\n            $(this).addClass('is-checked');\n          });\n        });\n\n\n        \/\/ Alphabetical sort\n        \/\/ Sort items alphabetically based on \n        var sortValue = false;\n        $('.sort').on('click', function(){\n            var currentHash = location.hash;\n            if ( $(this).hasClass('is-checked') ) {\n                sortValue = false;\n                location.hash = currentHash.replace( \/&sort=([^&]+)\/i, '');\n            } else {\n                sortValue = $(this).attr('data-sort-value');\n                location.hash = currentHash + '&sort=' + encodeURIComponent( sortValue );\n            }\n        });\n\n\n\n        var filters = {};\n        $( '.gruppefilterbtns button' ).on( 'click', filterSelect );\n\n        \/\/ Set the URI hash to the current selected filters\n        function filterSelect() {\n            var hashFilter = getHashFilter();\n            filters['fk1'] = hashFilter['fk1'];\n            filters['fk2'] = hashFilter['fk2'];\n            var currentFilter = $(this).attr('data-filter');\n            var navGroup = $(this).parents('.gruppefilterbtns');\n            var filterGroup = navGroup.attr('filter-gruppefilterbtns');\n\n            if ( currentFilter == hashFilter['fk1'] || currentFilter == hashFilter['fk2'] ) {\n                filters[ filterGroup ] = '*';\n            } else {\n                filters[ filterGroup ] = $(this).attr('data-filter');\n            }\n            \/\/console.log(filters['fk2']);\n            if (filters['fk2']) {\n              var newHash = 'fk1=' + encodeURIComponent( filters['fk1'] ) + '&fk2=' + encodeURIComponent( filters['fk2'] );\n            }\n            else {\n              var newHash = 'fk1=' + encodeURIComponent( filters['fk1'] ) ;\n            }\n\n\n            if ( sortValue ) {\n                newHash = newHash + '&sort=' + encodeURIComponent( sortValue );\n            }\n            location.hash = newHash;\n        } \n\n        function onHashChange() {\n\n            \/\/ Current hash value\n            var hashFilter = getHashFilter();\n            \/\/ Concatenate typ and ort for Isotope filtering\n            var theFilter = hashFilter['fk1'] + hashFilter['fk2'];\n\n            if ( hashFilter ) {\n                \/\/ Repaint Isotope container with current filters and sorts\n                grid.isotope({\n                    filter:  decodeURIComponent( theFilter ),\n                    sortBy: hashFilter['sorts']\n                } );\n\n                \/\/ Toggle is-checked status of sort button\n                if ( hashFilter['sorts'] ) {\n                    $('.sort').addClass('is-checked');\n                } else {\n                    $('.sort').removeClass('is-checked');\n                }\n                \/\/ Toggle is-checked status of filter buttons ssss\n                $( '.gruppefilterbtns' ).find('.is-checked').removeClass('is-checked');\n\n                $( '.gruppefilterbtns.fk1' ).find(\"[data-filter='\" + hashFilter[\"fk1\"] + \"']\").addClass('is-checked');\n                $( '.gruppefilterbtns.fk2' ).find(\"[data-filter='\" + hashFilter[\"fk2\"] + \"']\").addClass('is-checked');\n\n\n\n              var elems = grid.isotope('getItemElements');\n              var filteredElems = grid.isotope('getFilteredItemElements');\n\n\n\n              elems.forEach(function(item,index){\n                item.classList.remove('sichtbarVersetzt');\n\n              })\n\n              var count = 0;\n              filteredElems.forEach(function(item,index){\n                if ( count  % 3 == 1 ) item.classList.add('sichtbarVersetzt');\n                count++;\n\n              })  \n\n            }\n        } \/\/ onHahschange\n\n        function getHashFilter() {\n            \/\/ Get filters (matches) and sort order (sorts)\n            var fk1 = location.hash.match( \/fk1=([^&]+)\/i );\n            var fk2 = location.hash.match( \/fk2=([^&]+)\/i );\n            var sorts = location.hash.match( \/sort=([^&]+)\/i );\n\n            \/\/ Set up a hashFilter array\n            var hashFilter = {};\n            \/\/ Populate array with matches and sorts using ternary logic\n            hashFilter['fk1'] = fk1 ? fk1[1] : '*';\n            hashFilter['fk2'] = fk2 ? fk2[1] : '*';\n            hashFilter['sorts'] = sorts ? sorts[1]: '';\n\n            return hashFilter;\n        } \/\/ getHashFilter\n\n        \/\/ When the hash changes, run onHashchange\n        window.onhashchange = onHashChange;\n\n\n        \/\/ When the page loads for the first time, run onHashChange\n        onHashChange();\n\n\n        var initShow = 6; \/\/number of images loaded on init & onclick load more button\n        var iso = grid.data('isotope'); \/\/ get Isotope instance\n        var counter = initShow; \n\n        if($('a[href*=#load-more]').length) {\n          var loadmorelink = $('a[href*=#load-more]').attr('href');\n          var teile = loadmorelink.split('-');\n          initShow=parseInt(teile[2]);\n          counter = initShow; \/\/counter for load more button\n          \n\t\t      loadMore(initShow); \/\/if Button with #load-more exists then execute function onload\n        }\n        \n        function loadMore(toShow) {\n          grid.find('.hidden').removeClass('hidden');\n\n          var hiddenElems = iso.filteredItems.slice(toShow, iso.filteredItems.length).map(function(item) {\n            return item.element;\n          });\n          $(hiddenElems).addClass('hidden');\n          grid.isotope('layout');\n\n          \/\/when no more to load, hide show more button\n          if (hiddenElems.length == 0) {\n            $('#load-more').hide();\n          } \n          else {\n            $('#load-more').show();\n          };\n        }\n\n\n\n        $('a[href*=#load-more]').click(function() {\n          if ($('#filters').data('clicked')) {\n            \/\/when filter button clicked, set initial value for counter\n            counter = initShow;\n            j$('#filters').data('clicked', false);\n          } else {\n            counter = counter;\n          };\n\n          counter = counter + initShow;\n\n          loadMore(counter);\n        });\n\n\n\t\t\n\t\t}); \/\/ imagesLoaded\n\t\t\n\n     \n\t\t\n\t\t\n\t});  \/\/ ready\n})(jQuery);\n\n\nfunction concatValues( obj ) {\n\tvar value = '';\n\tfor ( var prop in obj ) {\n\t\tvalue += obj[ prop ];\n\t}\n\treturn value;\n}\n<\/script>\n\n\n\n<div id=\"dimizu_postlist-block_7b4dc4ca5afa31e80e214fe975e27066\" class=\"dimizu_postlist Carousel  versetzt\">\n\n\n<div class=\"slick-dimizu_postlist-block_7b4dc4ca5afa31e80e214fe975e27066\">\n  \n  \n\n\t<p>Selection missing!<\/p><\/div>\n\t\n\t\n\t\n<\/div>\n","protected":false},"excerpt":{"rendered":"<p>Biker Week &#8211; Vacanza attiva di categoria superiore dal 21.3.-9.11.2025 Chef Armin e il nostro guida ciclistica Davide, entrambi appassionati di ciclismo, ti guideranno attraverso la bellissima zona intorno a Termeno e al Lago di Caldaro. Su comodi sentieri nel bosco o su singletrail difficili, ce n&#8217;\u00e8 per tutti i gusti, a seconda del tuo [&hellip;]<\/p>\n","protected":false},"author":2,"featured_media":718,"parent":9157,"menu_order":0,"comment_status":"closed","ping_status":"closed","template":"","meta":{"_acf_changed":false,"footnotes":"","_links_to":"","_links_to_target":""},"seite_kategorien":[53,52],"acf":[],"yoast_head":"<!-- This site is optimized with the Yoast SEO plugin v22.6 - https:\/\/yoast.com\/wordpress\/plugins\/seo\/ -->\n<title>Biker Week - Vacanza attiva di categoria superiore | Traminerhof<\/title>\n<meta name=\"robots\" content=\"index, follow, max-snippet:-1, max-image-preview:large, max-video-preview:-1\" \/>\n<link rel=\"canonical\" href=\"https:\/\/www.traminerhof.it\/it\/offerte\/biker-week-vacanza-attiva-di-categoria-superiore\/\" \/>\n<meta property=\"og:locale\" content=\"it_IT\" \/>\n<meta property=\"og:type\" content=\"article\" \/>\n<meta property=\"og:title\" content=\"Biker Week - Vacanza attiva di categoria superiore | Traminerhof\" \/>\n<meta property=\"og:description\" content=\"Biker Week &#8211; Vacanza attiva di categoria superiore dal 21.3.-9.11.2025 Chef Armin e il nostro guida ciclistica Davide, entrambi appassionati di ciclismo, ti guideranno attraverso la bellissima zona intorno a Termeno e al Lago di Caldaro. Su comodi sentieri nel bosco o su singletrail difficili, ce n&#8217;\u00e8 per tutti i gusti, a seconda del tuo [&hellip;]\" \/>\n<meta property=\"og:url\" content=\"https:\/\/www.traminerhof.it\/it\/offerte\/biker-week-vacanza-attiva-di-categoria-superiore\/\" \/>\n<meta property=\"og:site_name\" content=\"Traminerhof\" \/>\n<meta property=\"article:modified_time\" content=\"2025-10-13T06:03:07+00:00\" \/>\n<meta property=\"og:image\" content=\"https:\/\/www.traminerhof.it\/wp-content\/uploads\/2019\/02\/Tramin_Andreas-Meyer_WOM-Me.jpg\" \/>\n\t<meta property=\"og:image:width\" content=\"2048\" \/>\n\t<meta property=\"og:image:height\" content=\"1365\" \/>\n\t<meta property=\"og:image:type\" content=\"image\/jpeg\" \/>\n<meta name=\"twitter:card\" content=\"summary_large_image\" \/>\n<meta name=\"twitter:label1\" content=\"Tempo di lettura stimato\" \/>\n\t<meta name=\"twitter:data1\" content=\"2 minuti\" \/>\n<script type=\"application\/ld+json\" class=\"yoast-schema-graph\">{\"@context\":\"https:\/\/schema.org\",\"@graph\":[{\"@type\":\"WebPage\",\"@id\":\"https:\/\/www.traminerhof.it\/it\/offerte\/biker-week-vacanza-attiva-di-categoria-superiore\/\",\"url\":\"https:\/\/www.traminerhof.it\/it\/offerte\/biker-week-vacanza-attiva-di-categoria-superiore\/\",\"name\":\"Biker Week - Vacanza attiva di categoria superiore | Traminerhof\",\"isPartOf\":{\"@id\":\"https:\/\/www.traminerhof.it\/#website\"},\"primaryImageOfPage\":{\"@id\":\"https:\/\/www.traminerhof.it\/it\/offerte\/biker-week-vacanza-attiva-di-categoria-superiore\/#primaryimage\"},\"image\":{\"@id\":\"https:\/\/www.traminerhof.it\/it\/offerte\/biker-week-vacanza-attiva-di-categoria-superiore\/#primaryimage\"},\"thumbnailUrl\":\"https:\/\/www.traminerhof.it\/wp-content\/uploads\/2019\/02\/Tramin_Andreas-Meyer_WOM-Me.jpg\",\"datePublished\":\"2020-05-30T16:51:07+00:00\",\"dateModified\":\"2025-10-13T06:03:07+00:00\",\"breadcrumb\":{\"@id\":\"https:\/\/www.traminerhof.it\/it\/offerte\/biker-week-vacanza-attiva-di-categoria-superiore\/#breadcrumb\"},\"inLanguage\":\"it-IT\",\"potentialAction\":[{\"@type\":\"ReadAction\",\"target\":[\"https:\/\/www.traminerhof.it\/it\/offerte\/biker-week-vacanza-attiva-di-categoria-superiore\/\"]}]},{\"@type\":\"ImageObject\",\"inLanguage\":\"it-IT\",\"@id\":\"https:\/\/www.traminerhof.it\/it\/offerte\/biker-week-vacanza-attiva-di-categoria-superiore\/#primaryimage\",\"url\":\"https:\/\/www.traminerhof.it\/wp-content\/uploads\/2019\/02\/Tramin_Andreas-Meyer_WOM-Me.jpg\",\"contentUrl\":\"https:\/\/www.traminerhof.it\/wp-content\/uploads\/2019\/02\/Tramin_Andreas-Meyer_WOM-Me.jpg\",\"width\":2048,\"height\":1365,\"caption\":\"Bike-Tour Roen\"},{\"@type\":\"BreadcrumbList\",\"@id\":\"https:\/\/www.traminerhof.it\/it\/offerte\/biker-week-vacanza-attiva-di-categoria-superiore\/#breadcrumb\",\"itemListElement\":[{\"@type\":\"ListItem\",\"position\":1,\"name\":\"Home\",\"item\":\"https:\/\/www.traminerhof.it\/it\/\"},{\"@type\":\"ListItem\",\"position\":2,\"name\":\"Offerte\",\"item\":\"https:\/\/www.traminerhof.it\/angebote\/\"},{\"@type\":\"ListItem\",\"position\":3,\"name\":\"Biker Week &#8211; Vacanza attiva di categoria superiore\"}]},{\"@type\":\"WebSite\",\"@id\":\"https:\/\/www.traminerhof.it\/#website\",\"url\":\"https:\/\/www.traminerhof.it\/\",\"name\":\"Traminerhof\",\"description\":\"Good Life. Cool Ride.\",\"potentialAction\":[{\"@type\":\"SearchAction\",\"target\":{\"@type\":\"EntryPoint\",\"urlTemplate\":\"https:\/\/www.traminerhof.it\/?s={search_term_string}\"},\"query-input\":\"required name=search_term_string\"}],\"inLanguage\":\"it-IT\"}]}<\/script>\n<!-- \/ Yoast SEO plugin. -->","yoast_head_json":{"title":"Biker Week - Vacanza attiva di categoria superiore | Traminerhof","robots":{"index":"index","follow":"follow","max-snippet":"max-snippet:-1","max-image-preview":"max-image-preview:large","max-video-preview":"max-video-preview:-1"},"canonical":"https:\/\/www.traminerhof.it\/it\/offerte\/biker-week-vacanza-attiva-di-categoria-superiore\/","og_locale":"it_IT","og_type":"article","og_title":"Biker Week - Vacanza attiva di categoria superiore | Traminerhof","og_description":"Biker Week &#8211; Vacanza attiva di categoria superiore dal 21.3.-9.11.2025 Chef Armin e il nostro guida ciclistica Davide, entrambi appassionati di ciclismo, ti guideranno attraverso la bellissima zona intorno a Termeno e al Lago di Caldaro. Su comodi sentieri nel bosco o su singletrail difficili, ce n&#8217;\u00e8 per tutti i gusti, a seconda del tuo [&hellip;]","og_url":"https:\/\/www.traminerhof.it\/it\/offerte\/biker-week-vacanza-attiva-di-categoria-superiore\/","og_site_name":"Traminerhof","article_modified_time":"2025-10-13T06:03:07+00:00","og_image":[{"width":2048,"height":1365,"url":"https:\/\/www.traminerhof.it\/wp-content\/uploads\/2019\/02\/Tramin_Andreas-Meyer_WOM-Me.jpg","type":"image\/jpeg"}],"twitter_card":"summary_large_image","twitter_misc":{"Tempo di lettura stimato":"2 minuti"},"schema":{"@context":"https:\/\/schema.org","@graph":[{"@type":"WebPage","@id":"https:\/\/www.traminerhof.it\/it\/offerte\/biker-week-vacanza-attiva-di-categoria-superiore\/","url":"https:\/\/www.traminerhof.it\/it\/offerte\/biker-week-vacanza-attiva-di-categoria-superiore\/","name":"Biker Week - Vacanza attiva di categoria superiore | Traminerhof","isPartOf":{"@id":"https:\/\/www.traminerhof.it\/#website"},"primaryImageOfPage":{"@id":"https:\/\/www.traminerhof.it\/it\/offerte\/biker-week-vacanza-attiva-di-categoria-superiore\/#primaryimage"},"image":{"@id":"https:\/\/www.traminerhof.it\/it\/offerte\/biker-week-vacanza-attiva-di-categoria-superiore\/#primaryimage"},"thumbnailUrl":"https:\/\/www.traminerhof.it\/wp-content\/uploads\/2019\/02\/Tramin_Andreas-Meyer_WOM-Me.jpg","datePublished":"2020-05-30T16:51:07+00:00","dateModified":"2025-10-13T06:03:07+00:00","breadcrumb":{"@id":"https:\/\/www.traminerhof.it\/it\/offerte\/biker-week-vacanza-attiva-di-categoria-superiore\/#breadcrumb"},"inLanguage":"it-IT","potentialAction":[{"@type":"ReadAction","target":["https:\/\/www.traminerhof.it\/it\/offerte\/biker-week-vacanza-attiva-di-categoria-superiore\/"]}]},{"@type":"ImageObject","inLanguage":"it-IT","@id":"https:\/\/www.traminerhof.it\/it\/offerte\/biker-week-vacanza-attiva-di-categoria-superiore\/#primaryimage","url":"https:\/\/www.traminerhof.it\/wp-content\/uploads\/2019\/02\/Tramin_Andreas-Meyer_WOM-Me.jpg","contentUrl":"https:\/\/www.traminerhof.it\/wp-content\/uploads\/2019\/02\/Tramin_Andreas-Meyer_WOM-Me.jpg","width":2048,"height":1365,"caption":"Bike-Tour Roen"},{"@type":"BreadcrumbList","@id":"https:\/\/www.traminerhof.it\/it\/offerte\/biker-week-vacanza-attiva-di-categoria-superiore\/#breadcrumb","itemListElement":[{"@type":"ListItem","position":1,"name":"Home","item":"https:\/\/www.traminerhof.it\/it\/"},{"@type":"ListItem","position":2,"name":"Offerte","item":"https:\/\/www.traminerhof.it\/angebote\/"},{"@type":"ListItem","position":3,"name":"Biker Week &#8211; Vacanza attiva di categoria superiore"}]},{"@type":"WebSite","@id":"https:\/\/www.traminerhof.it\/#website","url":"https:\/\/www.traminerhof.it\/","name":"Traminerhof","description":"Good Life. Cool Ride.","potentialAction":[{"@type":"SearchAction","target":{"@type":"EntryPoint","urlTemplate":"https:\/\/www.traminerhof.it\/?s={search_term_string}"},"query-input":"required name=search_term_string"}],"inLanguage":"it-IT"}]}},"_links":{"self":[{"href":"https:\/\/www.traminerhof.it\/it\/wp-json\/wp\/v2\/pages\/9139"}],"collection":[{"href":"https:\/\/www.traminerhof.it\/it\/wp-json\/wp\/v2\/pages"}],"about":[{"href":"https:\/\/www.traminerhof.it\/it\/wp-json\/wp\/v2\/types\/page"}],"author":[{"embeddable":true,"href":"https:\/\/www.traminerhof.it\/it\/wp-json\/wp\/v2\/users\/2"}],"replies":[{"embeddable":true,"href":"https:\/\/www.traminerhof.it\/it\/wp-json\/wp\/v2\/comments?post=9139"}],"version-history":[{"count":26,"href":"https:\/\/www.traminerhof.it\/it\/wp-json\/wp\/v2\/pages\/9139\/revisions"}],"predecessor-version":[{"id":21801,"href":"https:\/\/www.traminerhof.it\/it\/wp-json\/wp\/v2\/pages\/9139\/revisions\/21801"}],"up":[{"embeddable":true,"href":"https:\/\/www.traminerhof.it\/it\/wp-json\/wp\/v2\/pages\/9157"}],"wp:featuredmedia":[{"embeddable":true,"href":"https:\/\/www.traminerhof.it\/it\/wp-json\/wp\/v2\/media\/718"}],"wp:attachment":[{"href":"https:\/\/www.traminerhof.it\/it\/wp-json\/wp\/v2\/media?parent=9139"}],"wp:term":[{"taxonomy":"seite_kategorien","embeddable":true,"href":"https:\/\/www.traminerhof.it\/it\/wp-json\/wp\/v2\/seite_kategorien?post=9139"}],"curies":[{"name":"wp","href":"https:\/\/api.w.org\/{rel}","templated":true}]}}