{"id":13977,"date":"2021-08-19T08:55:21","date_gmt":"2021-08-19T06:55:21","guid":{"rendered":"https:\/\/www.traminerhof.it\/?page_id=13977"},"modified":"2021-08-19T08:55:22","modified_gmt":"2021-08-19T06:55:22","slug":"malga-cislon-kanzel-via-forestale-120","status":"publish","type":"page","link":"https:\/\/www.traminerhof.it\/it\/bike\/touren\/malga-cislon-kanzel-via-forestale-120\/","title":{"rendered":"Malga Cislon &#8211; Kanzel &#8211; Via Forestale | 120"},"content":{"rendered":"\n<h1 class=\"has-text-align-center breiteExtraSchmal wp-block-heading\">Malga Cislon &#8211; Kanzel &#8211; Via Forestale | 120<\/h1>\n\n\n\n<h2 class=\"has-text-align-center breiteExtraSchmal wp-block-heading\"><strong>Vista meravigliosa e discesa tranquilla<\/strong><\/h2>\n\n\n\n<figure class=\"wp-block-image size-large\"><img loading=\"lazy\" decoding=\"async\" width=\"1170\" height=\"779\" src=\"https:\/\/www.traminerhof.it\/wp-content\/uploads\/2020\/04\/cisloner-alm-2-1170x779.jpg\" alt=\"\" class=\"wp-image-4094\" srcset=\"https:\/\/www.traminerhof.it\/wp-content\/uploads\/2020\/04\/cisloner-alm-2-1170x779.jpg 1170w, https:\/\/www.traminerhof.it\/wp-content\/uploads\/2020\/04\/cisloner-alm-2-992x661.jpg 992w, https:\/\/www.traminerhof.it\/wp-content\/uploads\/2020\/04\/cisloner-alm-2-1536x1022.jpg 1536w, https:\/\/www.traminerhof.it\/wp-content\/uploads\/2020\/04\/cisloner-alm-2-768x511.jpg 768w, https:\/\/www.traminerhof.it\/wp-content\/uploads\/2020\/04\/cisloner-alm-2-585x389.jpg 585w, https:\/\/www.traminerhof.it\/wp-content\/uploads\/2020\/04\/cisloner-alm-2.jpg 2048w\" sizes=\"(max-width: 1170px) 100vw, 1170px\" \/><\/figure>\n\n\n\n      <div class=\"tourattribute1\">\n      <div class=\"entry-distanz\"><i class=\"far fa-arrow-alt-circle-right\"><\/i> 53.8 km<\/div><div class=\"entry-hoehenmeter\">\n\n<span\">\n  <i class=\"fas fa-long-arrow-alt-up fa-right-rotate\"><\/i>  \n  <i class=\"fas fa-mountain\"><\/i>\n<\/span>      \n      \n      \n      1480 m<\/div><div class=\"entry-tiefenmeter\">\n      \n<span>\n \n  <i class=\"fas fa-mountain \"><\/i> \n  <i class=\"fas fa-long-arrow-alt-up fa-left-rotate\"><\/i>  \n<\/span>        \n      \n      1480 m<\/div><div class=\"entry-zeit\"><i class=\"far fa-clock\"><\/i> 6 h 15 min<\/div>\n      <\/div>\n     \n     \n\n\n\n<p class=\"breiteSchmal\">Il tour alla malga Cislon &#8211; sempre una buona scelta. Dopo aver percorso la pista ciclabile fino ad Ora, si affrontano i metri di altitudine attraverso la vecchia terrazza della ferrovia Val di Fiemme. Via Montagna fino a Trodena. Una comoda salita su un bel sentiero. Solo poco dopo Trodena vieni sorpreso da una rampa che ti fa sudare per un attimo. Ma poi sei quasi arrivato, non \u00e8 lontano l&#8217;alpeggio. L\u00ec si pu\u00f2 gustare un delizioso pranzo con una bella vista sulle montagne vicine. Per la discesa, scegliete la variante facile. Dritto lungo il sentiero forestale in direzione verso la Kanzel vicino a Casignano. L\u00ec si fa una breve pausa e si gode di nuovo la vista della valle. Scendi attraverso Mazzone e lungo la pista ciclabile fino a Termeno.<\/p>\n\n\n\n<p class=\"has-text-align-center breiteSchmal border-bottom-1 pb-2 mb-2 mt-6\">Vista libera verso il Brenta, Roen e il sud<\/p>\n\n\n\n<p class=\"has-text-align-center breiteSchmal border-bottom-1 pb-2 mb-2\">Discesa tranquilla lungo la strada forestale<\/p>\n\n\n\n<p class=\"has-text-align-center breiteSchmal border-bottom-1 pb-2 mb-2\">Delizioso pranzo alla malga Cislon<\/p>\n\n\n\n<p class=\"breiteSchmal mt-5 mb-5\">sosta: malga Cislon<\/p>\n\n\n\n      <div class=\"tourattribute2 breiteSchmal\">\n      <div class=\"entry-schwierigkeit\"><span>Condizione&nbsp;<\/span><i class=\"fas fa-circle\"><\/i><i class=\"fas fa-circle\"><\/i><i class=\"fas fa-circle\"><\/i><i class=\"far fa-circle\"><\/i><i class=\"far fa-circle\"><\/i><\/div><div class=\"entry-technik\"><span>Tecnica&nbsp;<\/span><i class=\"fas fa-circle\"><\/i><i class=\"far fa-circle\"><\/i><i class=\"far fa-circle\"><\/i><i class=\"far fa-circle\"><\/i><i class=\"far fa-circle\"><\/i><\/div><div class=\"entry-panorama\"><span>Panorama&nbsp;<\/span><i class=\"fas fa-circle\"><\/i><i class=\"fas fa-circle\"><\/i><i class=\"fas fa-circle\"><\/i><i class=\"fas fa-circle\"><\/i><i class=\"far fa-circle\"><\/i><\/div>\n      <\/div>\n     \n     \n\n\n<div id=\"dimizu_gpxviewer-block_5e77698bae4c9\" class=\"dimizu_gpxviewer   breiteSchmal\">\n<div class=\"gpxv-view\">\n<div id=\"map-container-120-cisloner-alm-kanzel-traminerhof\" class=\"map-container\" style=\"width:100%\">\n\t<div class=\"hook\">\n\t\t\n\t\t<div id=\"120-cisloner-alm-kanzel-traminerhof\" style=\"height:500px\" class=\"track-map\"><\/div>\n\t\t\n\t\t<div id=\"track120-cisloner-alm-kanzel-traminerhof\" class=\"track-info\"  >\n\t\t\t<h3>\n\t\t\t\t<span>GPX-Track <\/span><span class=\"kmhoehe\">-km, -m<\/span>\n\t\t\t\t\t\t\t\t\t<a  href=\"https:\/\/www.traminerhof.it\/wp-content\/uploads\/2021\/06\/120-cisloner-alm-kanzel-traminerhof.gpx\"  download=\"120-cisloner-alm-kanzel-traminerhof.gpx\" class=\"gpx-file\"  >\n\t\t\t\t\tGPX <i class=\"fas fa-download\"><\/i>\n\t\t\t\t\t<\/a>\n\t\t\t\t\t\t\t<\/h3>\n\t\t\t<div class=\"content\" >\n\t\t\t\t<svg class=\"elevation-profile\"  viewBox=\"0 0 290 230\" >\n\t\t\t\t\t<defs>\n\t\t\t\t\t\t<marker id=\"t\" markerWidth=\"4\" markerHeight=\"4\" orient=\"auto\" refY=\"2\" refX=\"3\">\n\t\t\t\t\t\t<path d=\"M0,0 L4,2 0,4\" fill=\"#000\"><\/path>\n\t\t\t\t\t\t<\/marker>\n\t\t\t\t\t<\/defs>\n\t\t\t\t\t<g transform=\"translate(50,10)\">\n\t\t\t\t\t<!-- horizontal -->\n\t\t\t\t\t<!-- y = 50 (180-50)-->\n\t\t\t\t\t<line class=\"line\" x1=\"-5\" y1=\"160\" x2=\"220\" y2=\"160\"><\/line>\n\t\t\t\t\t<text class=\"h1 line\" x=\"-5\" y=\"160\" text-anchor=\"end\">50<\/text>\n\t\t\t\t\t<line class=\"line\" x1=\"-5\" y1=\"120\" x2=\"220\" y2=\"120\"><\/line>\n\t\t\t\t\t<text class=\"h2 line\" x=\"-5\" y=\"120\" text-anchor=\"end\">100<\/text>\n\t\t\t\t\t<line class=\"line\" x1=\"-5\" y1=\"80\" x2=\"220\" y2=\"80\"><\/line>\n\t\t\t\t\t<text class=\"h3 line\" x=\"-5\" y=\"80\" text-anchor=\"end\">150<\/text>\n\t\t\t\t\t<line class=\"line\" x1=\"-5\" y1=\"40\" x2=\"220\" y2=\"40\"><\/line>\n\t\t\t\t\t<text class=\"h4 line\" x=\"-5\" y=\"40\" text-anchor=\"end\">200<\/text>\n\t\t\t\t\t<!-- Vertical -->\n\t\t\t\t\t<g class=\"v1\" transform=\"translate(60,0)\">\n\t\t\t\t\t\t<line class=\"line\" x1=\"0\" y1=\"0\" x2=\"0\" y2=\"185\"><\/line>\n\t\t\t\t\t\t<text  class=\"line\" x=\"0\" y=\"193\" text-anchor=\"middle\">5<\/text>\n\t\t\t\t\t<\/g>\n\t\t\t\t\t<g class=\"v2\" transform=\"translate(120,0)\">\n\t\t\t\t\t\t<line class=\"line\" x1=\"0\" y1=\"0\" x2=\"0\" y2=\"185\"><\/line>\n\t\t\t\t\t\t<text  class=\"line\" x=\"0\" y=\"193\" text-anchor=\"middle\">10<\/text>\n\t\t\t\t\t<\/g>\n\t\t\t\t\t<g class=\"v3\" transform=\"translate(180,0)\">\n\t\t\t\t\t\t<line class=\"line\" x1=\"0\" y1=\"0\" x2=\"0\" y2=\"185\"><\/line>\n\t\t\t\t\t\t<text id=\"v3\" class=\"line\" x=\"0\" y=\"193\" text-anchor=\"middle\">15<\/text>\n\t\t\t\t\t<\/g>\n\t\t\t\t\t<!-- cadre  -->\n\t\t\t\t\t<rect x=\"0\" y=\"0\" width=\"220\" height=\"180\" ><\/rect>\n\t\t\t\t\t<!-- horizontal axis x -->\n\t\t\t\t\t<line class=\"axis\" x1=\"0\" y1=\"180\" x2=\"210\" y2=\"180\"  marker-end=\"url(#t)\"><\/line>\n\t\t\t\t\t<text x=\"110\" y=\"210\" text-anchor=\"middle\">Distance (km)<\/text>\n\t\t\t\t\t<!-- vertical axis y -->\n\t\t\t\t\t<line class=\"axis\" x1=\"0\" y1=\"180\" x2=\"0\" y2=\"10\" marker-end=\"url(#t)\"><\/line>\n\t\t\t\t\t<text x=\"0\" y=\"0\" transform=\"rotate(-90) translate(-100, -40)\" text-anchor=\"middle\">Elevation (m)<\/text>\n\t\t\t\t\t<path class=\"profile-line\" d=\"\"><\/path>\n\t\t\t\t\n\t\t\t\t\t<line class=\"move-line\" x1=\"0\" y1=\"185\" x2=\"0\" y2=\"-5\"><\/line>\n\t\t\t\t\t<\/g>\n\t\t\t\t<\/svg>\n<!--\t\t\t\t<div class=\"gpx-no-data\">No elevation data<\/div>-->\n\t\t\t\t<table class=\"properties\">\n\t\t\t\t\t<tr>\n\t\t\t\t\t\t<td >Name: <\/td>\n\t\t\t\t\t\t<td class=\"gpx-name\"><em>No data<\/em><\/td>\n\t\t\t\t\t<\/tr>\n\t\t\t\t\t<tr>\n\t\t\t\t\t\t<td>Distance: <\/td>\n\t\t\t\t\t\t<td class=\"gpx-distance\"><em>No data<\/em><\/td>\n\t\t\t\t\t<\/tr>\n\t\t\t\t\t<tr>\n\t\t\t\t\t\t<td>Minimum elevation: <\/td>\n\t\t\t\t\t\t<td  class=\"gpx-min-elevation\" ><em>No data<\/em><\/td>\n\t\t\t\t\t<\/tr>\n\t\t\t\t\t<tr>\n\t\t\t\t\t\t<td>Maximum elevation: <\/td>\n\t\t\t\t\t\t<td  class=\"gpx-max-elevation\" ><em>No data<\/em><\/td>\n\t\t\t\t\t<\/tr>\n\t\t\t\t\t<tr>\n\t\t\t\t\t\t<td>Elevation gain: <\/td>\n\t\t\t\t\t\t<td  class=\"gpx-elevation-gain\" ><em>No data<\/em><\/td>\n\t\t\t\t\t<\/tr>\n\t\t\t\t\t<tr >\n\t\t\t\t\t\t<td>Elevation loss: <\/td>\n\t\t\t\t\t\t<td class=\"gpx-elevation-loss\" ><em>No data<\/em><\/td>\n\t\t\t\t\t<\/tr>\n\t\t\t\t\t<tr>\n\t\t\t\t\t\t<td>Duration: <\/td>\n\t\t\t\t\t\t<td class=\"gpx-duration\" ><em>No data<\/em><\/td>\n\t\t\t\t\t<\/tr>\n\t\t\t\t<\/table>\n\t\t\t<\/div>\n\t\t<\/div>\n\t<\/div>\n<\/div>\n\n<\/div>\n<\/div>\n\n\n\n<h1 class=\"has-text-align-center mt-7 wp-block-heading\">scopri di pi\u00f9<\/h1>\n\n\n\n<h2 class=\"has-text-align-center wp-block-heading\">Potrebbero piacerti anche questi tour<\/h2>\n\n\n\n\n\n\n\t\n\n\t\n\n\t\n<script>\njQuery(document).ready(function($) {\n\t\n\n\t\t\t$('.slick-dimizu_postlist-block_5e77863361cea').slick({\n\n\t\t\t\tslidesToShow: 3, \n\t\t\t\tslidesToScroll: 1, \n\t\t\t\tdots: false,\n\t\t\t\tarrows: true,\n\t\t\t\tautoplay: false,\n\t\t\t\tresponsive: [\n\t\t\t\t\t\t{\n\t\t\t\t\t\t\tbreakpoint: 992,\n\t\t\t\t\t\t\tsettings: {\n\n\t\t\t\t\t\t\t\tslidesToShow: 3, \n\t\t\t\t\t\t\t\tslidesToScroll: 1, \n\t\t\t\t\t\t\t\t}\n\t\t\t\t\t\t},\n\t\t\t\t\t\t{\n\t\t\t\t\t\t\tbreakpoint: 768,\n\t\t\t\t\t\t\tsettings: {\n\n\t\t\t\t\t\t\t\tslidesToShow: 2,\n\t\t\t\t\t\t\t\tslidesToScroll: 1,\n\t\t\t\t\t\t\t}\n\t\t\t\t\t\t},\n\t\t\t\t\t\t{\n\t\t\t\t\t\t\tbreakpoint: 576,\n\t\t\t\t\t\t\tsettings: {\n\t\t\t\t\t\t\t\tslidesToShow: 1,\n\t\t\t\t\t\t\t\tslidesToScroll: 1,\n\t\t\n\t\t\t\t\t\t\t}\n\t\t\t\t\t\t}\n\t\t\t\t\t\t\t\t\t\t\t\t\t\t\t \n\t\t\t\t\t],\t\t\t\t\n\n\t\t\t\t\n\t\t\t});\n}); \n<\/script>\n\t\n\n\n<script>\n(function($) {\n\t$(document).ready( function() {\n  \n  \n\t\tvar buttonFilters = {};\n\t\tvar buttonFilter = '*';\n   \n    var grid=$('.slick-dimizu_postlist-block_5e77863361cea').imagesLoaded( function() {\n\n\t\t\n        grid.isotope({\n         itemSelector: '.dimizu_postlist_wrapper',\n         layoutMode: 'fitRows',\n          transitionDuration: '0.6s',\n        });\n\n\n        var items = grid.find('.dimizu_postlist_wrapper');\n        grid.addClass('is-showing-items').isotope( 'revealItemElements', items );\n\n\n        \/\/wenn lazie load verwendet wird (class='ll')\n        grid.on( 'arrangeComplete', function( event, filteredItems ) {\n          \/\/console.log( 'arrangeComplete with ' + filteredItems.length + ' items' );\n          $(window).scroll();\n        });\n\n\n        $('.filterGruppe').on( 'click', '.filterbtn', function() {\n          var buttonGroup = $(this).parents('.gruppefilterbtns');\n          var filterGroup = buttonGroup.attr('filter-gruppefilterbtns');\n          buttonFilters[ filterGroup ] = $(this).attr('data-filter');\n          buttonFilter = concatValues( buttonFilters ) || '*';\n\n\n\n          \/\/console.log( buttonFilters );\n          \/\/console.log( buttonFilter );\n          \/\/grid.isotope();\n        });\n        $('.gruppefilterbtns').each( function( i, buttonGroup ) {\n          var buttonGroup = $( buttonGroup );\n          buttonGroup.on( 'click', '.filterbtn', function() {\n            buttonGroup.find('.is-checked').removeClass('is-checked');\n            $(this).addClass('is-checked');\n          });\n        });\n\n\n        \/\/ Alphabetical sort\n        \/\/ Sort items alphabetically based on \n        var sortValue = false;\n        $('.sort').on('click', function(){\n            var currentHash = location.hash;\n            if ( $(this).hasClass('is-checked') ) {\n                sortValue = false;\n                location.hash = currentHash.replace( \/&sort=([^&]+)\/i, '');\n            } else {\n                sortValue = $(this).attr('data-sort-value');\n                location.hash = currentHash + '&sort=' + encodeURIComponent( sortValue );\n            }\n        });\n\n\n\n        var filters = {};\n        $( '.gruppefilterbtns button' ).on( 'click', filterSelect );\n\n        \/\/ Set the URI hash to the current selected filters\n        function filterSelect() {\n            var hashFilter = getHashFilter();\n            filters['fk1'] = hashFilter['fk1'];\n            filters['fk2'] = hashFilter['fk2'];\n            var currentFilter = $(this).attr('data-filter');\n            var navGroup = $(this).parents('.gruppefilterbtns');\n            var filterGroup = navGroup.attr('filter-gruppefilterbtns');\n\n            if ( currentFilter == hashFilter['fk1'] || currentFilter == hashFilter['fk2'] ) {\n                filters[ filterGroup ] = '*';\n            } else {\n                filters[ filterGroup ] = $(this).attr('data-filter');\n            }\n            \/\/console.log(filters['fk2']);\n            if (filters['fk2']) {\n              var newHash = 'fk1=' + encodeURIComponent( filters['fk1'] ) + '&fk2=' + encodeURIComponent( filters['fk2'] );\n            }\n            else {\n              var newHash = 'fk1=' + encodeURIComponent( filters['fk1'] ) ;\n            }\n\n\n            if ( sortValue ) {\n                newHash = newHash + '&sort=' + encodeURIComponent( sortValue );\n            }\n            location.hash = newHash;\n        } \n\n        function onHashChange() {\n\n            \/\/ Current hash value\n            var hashFilter = getHashFilter();\n            \/\/ Concatenate typ and ort for Isotope filtering\n            var theFilter = hashFilter['fk1'] + hashFilter['fk2'];\n\n            if ( hashFilter ) {\n                \/\/ Repaint Isotope container with current filters and sorts\n                grid.isotope({\n                    filter:  decodeURIComponent( theFilter ),\n                    sortBy: hashFilter['sorts']\n                } );\n\n                \/\/ Toggle is-checked status of sort button\n                if ( hashFilter['sorts'] ) {\n                    $('.sort').addClass('is-checked');\n                } else {\n                    $('.sort').removeClass('is-checked');\n                }\n                \/\/ Toggle is-checked status of filter buttons ssss\n                $( '.gruppefilterbtns' ).find('.is-checked').removeClass('is-checked');\n\n                $( '.gruppefilterbtns.fk1' ).find(\"[data-filter='\" + hashFilter[\"fk1\"] + \"']\").addClass('is-checked');\n                $( '.gruppefilterbtns.fk2' ).find(\"[data-filter='\" + hashFilter[\"fk2\"] + \"']\").addClass('is-checked');\n\n\n\n              var elems = grid.isotope('getItemElements');\n              var filteredElems = grid.isotope('getFilteredItemElements');\n\n\n\n              elems.forEach(function(item,index){\n                item.classList.remove('sichtbarVersetzt');\n\n              })\n\n              var count = 0;\n              filteredElems.forEach(function(item,index){\n                if ( count  % 3 == 1 ) item.classList.add('sichtbarVersetzt');\n                count++;\n\n              })  \n\n            }\n        } \/\/ onHahschange\n\n        function getHashFilter() {\n            \/\/ Get filters (matches) and sort order (sorts)\n            var fk1 = location.hash.match( \/fk1=([^&]+)\/i );\n            var fk2 = location.hash.match( \/fk2=([^&]+)\/i );\n            var sorts = location.hash.match( \/sort=([^&]+)\/i );\n\n            \/\/ Set up a hashFilter array\n            var hashFilter = {};\n            \/\/ Populate array with matches and sorts using ternary logic\n            hashFilter['fk1'] = fk1 ? fk1[1] : '*';\n            hashFilter['fk2'] = fk2 ? fk2[1] : '*';\n            hashFilter['sorts'] = sorts ? sorts[1]: '';\n\n            return hashFilter;\n        } \/\/ getHashFilter\n\n        \/\/ When the hash changes, run onHashchange\n        window.onhashchange = onHashChange;\n\n\n        \/\/ When the page loads for the first time, run onHashChange\n        onHashChange();\n\n\n        var initShow = 6; \/\/number of images loaded on init & onclick load more button\n        var iso = grid.data('isotope'); \/\/ get Isotope instance\n        var counter = initShow; \n\n        if($('a[href*=#load-more]').length) {\n          var loadmorelink = $('a[href*=#load-more]').attr('href');\n          var teile = loadmorelink.split('-');\n          initShow=parseInt(teile[2]);\n          counter = initShow; \/\/counter for load more button\n          \n\t\t      loadMore(initShow); \/\/if Button with #load-more exists then execute function onload\n        }\n        \n        function loadMore(toShow) {\n          grid.find('.hidden').removeClass('hidden');\n\n          var hiddenElems = iso.filteredItems.slice(toShow, iso.filteredItems.length).map(function(item) {\n            return item.element;\n          });\n          $(hiddenElems).addClass('hidden');\n          grid.isotope('layout');\n\n          \/\/when no more to load, hide show more button\n          if (hiddenElems.length == 0) {\n            $('#load-more').hide();\n          } \n          else {\n            $('#load-more').show();\n          };\n        }\n\n\n\n        $('a[href*=#load-more]').click(function() {\n          if ($('#filters').data('clicked')) {\n            \/\/when filter button clicked, set initial value for counter\n            counter = initShow;\n            j$('#filters').data('clicked', false);\n          } else {\n            counter = counter;\n          };\n\n          counter = counter + initShow;\n\n          loadMore(counter);\n        });\n\n\n\t\t\n\t\t}); \/\/ imagesLoaded\n\t\t\n\n     \n\t\t\n\t\t\n\t});  \/\/ ready\n})(jQuery);\n\n\nfunction concatValues( obj ) {\n\tvar value = '';\n\tfor ( var prop in obj ) {\n\t\tvalue += obj[ prop ];\n\t}\n\treturn value;\n}\n<\/script>\n\n\n\n<div id=\"dimizu_postlist-block_5e77863361cea\" class=\"dimizu_postlist SpecialCarousel  versetzt\">\n\n\n<div class=\"slick-dimizu_postlist-block_5e77863361cea\">\n  \n  \n\n\t\n        <div class=\"dimizu_postlist_wrapper mtb-it  \">\n          <a href=\"https:\/\/www.traminerhof.it\/it\/bike\/touren\/bucche-di-ghiaccio-alte-vie-107\/\">\n            \n        <img loading=\"lazy\" decoding=\"async\" src=\"https:\/\/www.traminerhof.it\/wp-content\/uploads\/2020\/04\/eisloecher-zugeschnitten-489x400.jpg\" alt=\"\" width=\"337\" height=\"400\">\n      \n            <div class=\"dimizu_postlist_caption\">\n              <div class=\"entry-ebikeladestation\"><div class=\"iconRund\"><i class=\"fas fa-plug\"><\/i><\/div><\/div>\n                  \n              \n        <div class=\"kategorieinfos\">\n        MTB \n        <\/div>\n\n           \n              <h3 class=\"entry-title card-title\">Bucche di ghiaccio &#038; alte vie | 107<\/h3>\n               \n        <div class=\"weiterinfos\">\n        <div class=\"entry-distanz\"><i class=\"far fa-arrow-alt-circle-right\"><\/i> 54.6 km<\/div><div class=\"entry-hoehenmeter\">\n                        <span>\n                           <i class=\"fas fa-long-arrow-alt-up fa-right-rotate\"><\/i>  \n                           <i class=\"fas fa-mountain\"><\/i>\n                        <\/span>      \n                         1370 m<\/div>\n        <\/div>\n\n       \n              \n              <button href=\"https:\/\/www.traminerhof.it\/it\/bike\/touren\/bucche-di-ghiaccio-alte-vie-107\/\" class=\"btn btn-primary\">continua<\/button>\n            <\/div>\n          <\/a>\n        <\/div>\n      \n        <div class=\"dimizu_postlist_wrapper mtb-it  \">\n          <a href=\"https:\/\/www.traminerhof.it\/it\/bike\/touren\/monticolo-e-colle-delluomo-10\/\">\n            \n        <img loading=\"lazy\" decoding=\"async\" src=\"https:\/\/www.traminerhof.it\/wp-content\/uploads\/2020\/04\/montiggl-028-2-489x400.jpg\" alt=\"\" width=\"337\" height=\"400\">\n      \n            <div class=\"dimizu_postlist_caption\">\n              <div class=\"entry-ebikeladestation\"><div class=\"iconRund\"><i class=\"fas fa-plug\"><\/i><\/div><\/div>\n                  \n              \n        <div class=\"kategorieinfos\">\n        MTB \n        <\/div>\n\n           \n              <h3 class=\"entry-title card-title\">Monticolo e colle dell&#8217;uomo | 10<\/h3>\n               \n        <div class=\"weiterinfos\">\n        <div class=\"entry-distanz\"><i class=\"far fa-arrow-alt-circle-right\"><\/i> 39.5 km<\/div><div class=\"entry-hoehenmeter\">\n                        <span>\n                           <i class=\"fas fa-long-arrow-alt-up fa-right-rotate\"><\/i>  \n                           <i class=\"fas fa-mountain\"><\/i>\n                        <\/span>      \n                         750 m<\/div>\n        <\/div>\n\n       \n              \n              <button href=\"https:\/\/www.traminerhof.it\/it\/bike\/touren\/monticolo-e-colle-delluomo-10\/\" class=\"btn btn-primary\">continua<\/button>\n            <\/div>\n          <\/a>\n        <\/div>\n      \n        <div class=\"dimizu_postlist_wrapper mtb-it  \">\n          <a href=\"https:\/\/www.traminerhof.it\/it\/bike\/touren\/termeno-termeno-3\/\">\n            \n        <img loading=\"lazy\" decoding=\"async\" src=\"https:\/\/www.traminerhof.it\/wp-content\/uploads\/2020\/04\/tramin-adrian-krainer-6-489x400.jpg\" alt=\"\" width=\"337\" height=\"400\">\n      \n            <div class=\"dimizu_postlist_caption\">\n              <div class=\"entry-ebikeladestation\"><div class=\"iconRund\"><i class=\"fas fa-plug\"><\/i><\/div><\/div>\n                  \n              \n        <div class=\"kategorieinfos\">\n        MTB \n        <\/div>\n\n           \n              <h3 class=\"entry-title card-title\">Termeno-Termeno | 3<\/h3>\n               \n        <div class=\"weiterinfos\">\n        <div class=\"entry-distanz\"><i class=\"far fa-arrow-alt-circle-right\"><\/i> 34.5 km<\/div><div class=\"entry-hoehenmeter\">\n                        <span>\n                           <i class=\"fas fa-long-arrow-alt-up fa-right-rotate\"><\/i>  \n                           <i class=\"fas fa-mountain\"><\/i>\n                        <\/span>      \n                         850 m<\/div>\n        <\/div>\n\n       \n              \n              <button href=\"https:\/\/www.traminerhof.it\/it\/bike\/touren\/termeno-termeno-3\/\" class=\"btn btn-primary\">continua<\/button>\n            <\/div>\n          <\/a>\n        <\/div>\n      <\/div>\n\t\n\t\n\t\n<\/div>\n","protected":false},"excerpt":{"rendered":"<p>Malga Cislon &#8211; Kanzel &#8211; Via Forestale | 120 Vista meravigliosa e discesa tranquilla Il tour alla malga Cislon &#8211; sempre una buona scelta. Dopo aver percorso la pista ciclabile fino ad Ora, si affrontano i metri di altitudine attraverso la vecchia terrazza della ferrovia Val di Fiemme. Via Montagna fino a Trodena. Una comoda [&hellip;]<\/p>\n","protected":false},"author":2,"featured_media":4095,"parent":9235,"menu_order":0,"comment_status":"closed","ping_status":"closed","template":"","meta":{"_acf_changed":false,"footnotes":"","_links_to":"","_links_to_target":""},"seite_kategorien":[47,48,51],"acf":[],"yoast_head":"<!-- This site is optimized with the Yoast SEO plugin v22.6 - https:\/\/yoast.com\/wordpress\/plugins\/seo\/ -->\n<title>Malga Cislon - Kanzel - Via Forestale | 120 | Traminerhof<\/title>\n<meta name=\"robots\" content=\"index, follow, max-snippet:-1, max-image-preview:large, max-video-preview:-1\" \/>\n<link rel=\"canonical\" href=\"https:\/\/www.traminerhof.it\/it\/bike\/touren\/malga-cislon-kanzel-via-forestale-120\/\" \/>\n<meta property=\"og:locale\" content=\"it_IT\" \/>\n<meta property=\"og:type\" content=\"article\" \/>\n<meta property=\"og:title\" content=\"Malga Cislon - Kanzel - Via Forestale | 120 | Traminerhof\" \/>\n<meta property=\"og:description\" content=\"Malga Cislon &#8211; Kanzel &#8211; Via Forestale | 120 Vista meravigliosa e discesa tranquilla Il tour alla malga Cislon &#8211; sempre una buona scelta. Dopo aver percorso la pista ciclabile fino ad Ora, si affrontano i metri di altitudine attraverso la vecchia terrazza della ferrovia Val di Fiemme. Via Montagna fino a Trodena. Una comoda [&hellip;]\" \/>\n<meta property=\"og:url\" content=\"https:\/\/www.traminerhof.it\/it\/bike\/touren\/malga-cislon-kanzel-via-forestale-120\/\" \/>\n<meta property=\"og:site_name\" content=\"Traminerhof\" \/>\n<meta property=\"article:modified_time\" content=\"2021-08-19T06:55:22+00:00\" \/>\n<meta property=\"og:image\" content=\"https:\/\/www.traminerhof.it\/wp-content\/uploads\/2020\/04\/cisloner-alm-2.jpg\" \/>\n\t<meta property=\"og:image:width\" content=\"2048\" \/>\n\t<meta property=\"og:image:height\" content=\"1363\" \/>\n\t<meta property=\"og:image:type\" content=\"image\/jpeg\" \/>\n<meta name=\"twitter:card\" content=\"summary_large_image\" \/>\n<meta name=\"twitter:label1\" content=\"Tempo di lettura stimato\" \/>\n\t<meta name=\"twitter:data1\" content=\"1 minuto\" \/>\n<script type=\"application\/ld+json\" class=\"yoast-schema-graph\">{\"@context\":\"https:\/\/schema.org\",\"@graph\":[{\"@type\":\"WebPage\",\"@id\":\"https:\/\/www.traminerhof.it\/it\/bike\/touren\/malga-cislon-kanzel-via-forestale-120\/\",\"url\":\"https:\/\/www.traminerhof.it\/it\/bike\/touren\/malga-cislon-kanzel-via-forestale-120\/\",\"name\":\"Malga Cislon - Kanzel - Via Forestale | 120 | Traminerhof\",\"isPartOf\":{\"@id\":\"https:\/\/www.traminerhof.it\/#website\"},\"primaryImageOfPage\":{\"@id\":\"https:\/\/www.traminerhof.it\/it\/bike\/touren\/malga-cislon-kanzel-via-forestale-120\/#primaryimage\"},\"image\":{\"@id\":\"https:\/\/www.traminerhof.it\/it\/bike\/touren\/malga-cislon-kanzel-via-forestale-120\/#primaryimage\"},\"thumbnailUrl\":\"https:\/\/www.traminerhof.it\/wp-content\/uploads\/2020\/04\/cisloner-alm-2.jpg\",\"datePublished\":\"2021-08-19T06:55:21+00:00\",\"dateModified\":\"2021-08-19T06:55:22+00:00\",\"breadcrumb\":{\"@id\":\"https:\/\/www.traminerhof.it\/it\/bike\/touren\/malga-cislon-kanzel-via-forestale-120\/#breadcrumb\"},\"inLanguage\":\"it-IT\",\"potentialAction\":[{\"@type\":\"ReadAction\",\"target\":[\"https:\/\/www.traminerhof.it\/it\/bike\/touren\/malga-cislon-kanzel-via-forestale-120\/\"]}]},{\"@type\":\"ImageObject\",\"inLanguage\":\"it-IT\",\"@id\":\"https:\/\/www.traminerhof.it\/it\/bike\/touren\/malga-cislon-kanzel-via-forestale-120\/#primaryimage\",\"url\":\"https:\/\/www.traminerhof.it\/wp-content\/uploads\/2020\/04\/cisloner-alm-2.jpg\",\"contentUrl\":\"https:\/\/www.traminerhof.it\/wp-content\/uploads\/2020\/04\/cisloner-alm-2.jpg\",\"width\":2048,\"height\":1363,\"caption\":\"Cisloner Alm-2\"},{\"@type\":\"BreadcrumbList\",\"@id\":\"https:\/\/www.traminerhof.it\/it\/bike\/touren\/malga-cislon-kanzel-via-forestale-120\/#breadcrumb\",\"itemListElement\":[{\"@type\":\"ListItem\",\"position\":1,\"name\":\"Home\",\"item\":\"https:\/\/www.traminerhof.it\/it\/\"},{\"@type\":\"ListItem\",\"position\":2,\"name\":\"Bike\",\"item\":\"https:\/\/www.traminerhof.it\/it\/bike\/\"},{\"@type\":\"ListItem\",\"position\":3,\"name\":\"Tour\",\"item\":\"https:\/\/www.traminerhof.it\/it\/bike\/touren\/\"},{\"@type\":\"ListItem\",\"position\":4,\"name\":\"Malga Cislon &#8211; Kanzel &#8211; Via Forestale | 120\"}]},{\"@type\":\"WebSite\",\"@id\":\"https:\/\/www.traminerhof.it\/#website\",\"url\":\"https:\/\/www.traminerhof.it\/\",\"name\":\"Traminerhof\",\"description\":\"Good Life. Cool Ride.\",\"potentialAction\":[{\"@type\":\"SearchAction\",\"target\":{\"@type\":\"EntryPoint\",\"urlTemplate\":\"https:\/\/www.traminerhof.it\/?s={search_term_string}\"},\"query-input\":\"required name=search_term_string\"}],\"inLanguage\":\"it-IT\"}]}<\/script>\n<!-- \/ Yoast SEO plugin. -->","yoast_head_json":{"title":"Malga Cislon - Kanzel - Via Forestale | 120 | Traminerhof","robots":{"index":"index","follow":"follow","max-snippet":"max-snippet:-1","max-image-preview":"max-image-preview:large","max-video-preview":"max-video-preview:-1"},"canonical":"https:\/\/www.traminerhof.it\/it\/bike\/touren\/malga-cislon-kanzel-via-forestale-120\/","og_locale":"it_IT","og_type":"article","og_title":"Malga Cislon - Kanzel - Via Forestale | 120 | Traminerhof","og_description":"Malga Cislon &#8211; Kanzel &#8211; Via Forestale | 120 Vista meravigliosa e discesa tranquilla Il tour alla malga Cislon &#8211; sempre una buona scelta. Dopo aver percorso la pista ciclabile fino ad Ora, si affrontano i metri di altitudine attraverso la vecchia terrazza della ferrovia Val di Fiemme. Via Montagna fino a Trodena. Una comoda [&hellip;]","og_url":"https:\/\/www.traminerhof.it\/it\/bike\/touren\/malga-cislon-kanzel-via-forestale-120\/","og_site_name":"Traminerhof","article_modified_time":"2021-08-19T06:55:22+00:00","og_image":[{"width":2048,"height":1363,"url":"https:\/\/www.traminerhof.it\/wp-content\/uploads\/2020\/04\/cisloner-alm-2.jpg","type":"image\/jpeg"}],"twitter_card":"summary_large_image","twitter_misc":{"Tempo di lettura stimato":"1 minuto"},"schema":{"@context":"https:\/\/schema.org","@graph":[{"@type":"WebPage","@id":"https:\/\/www.traminerhof.it\/it\/bike\/touren\/malga-cislon-kanzel-via-forestale-120\/","url":"https:\/\/www.traminerhof.it\/it\/bike\/touren\/malga-cislon-kanzel-via-forestale-120\/","name":"Malga Cislon - Kanzel - Via Forestale | 120 | Traminerhof","isPartOf":{"@id":"https:\/\/www.traminerhof.it\/#website"},"primaryImageOfPage":{"@id":"https:\/\/www.traminerhof.it\/it\/bike\/touren\/malga-cislon-kanzel-via-forestale-120\/#primaryimage"},"image":{"@id":"https:\/\/www.traminerhof.it\/it\/bike\/touren\/malga-cislon-kanzel-via-forestale-120\/#primaryimage"},"thumbnailUrl":"https:\/\/www.traminerhof.it\/wp-content\/uploads\/2020\/04\/cisloner-alm-2.jpg","datePublished":"2021-08-19T06:55:21+00:00","dateModified":"2021-08-19T06:55:22+00:00","breadcrumb":{"@id":"https:\/\/www.traminerhof.it\/it\/bike\/touren\/malga-cislon-kanzel-via-forestale-120\/#breadcrumb"},"inLanguage":"it-IT","potentialAction":[{"@type":"ReadAction","target":["https:\/\/www.traminerhof.it\/it\/bike\/touren\/malga-cislon-kanzel-via-forestale-120\/"]}]},{"@type":"ImageObject","inLanguage":"it-IT","@id":"https:\/\/www.traminerhof.it\/it\/bike\/touren\/malga-cislon-kanzel-via-forestale-120\/#primaryimage","url":"https:\/\/www.traminerhof.it\/wp-content\/uploads\/2020\/04\/cisloner-alm-2.jpg","contentUrl":"https:\/\/www.traminerhof.it\/wp-content\/uploads\/2020\/04\/cisloner-alm-2.jpg","width":2048,"height":1363,"caption":"Cisloner Alm-2"},{"@type":"BreadcrumbList","@id":"https:\/\/www.traminerhof.it\/it\/bike\/touren\/malga-cislon-kanzel-via-forestale-120\/#breadcrumb","itemListElement":[{"@type":"ListItem","position":1,"name":"Home","item":"https:\/\/www.traminerhof.it\/it\/"},{"@type":"ListItem","position":2,"name":"Bike","item":"https:\/\/www.traminerhof.it\/it\/bike\/"},{"@type":"ListItem","position":3,"name":"Tour","item":"https:\/\/www.traminerhof.it\/it\/bike\/touren\/"},{"@type":"ListItem","position":4,"name":"Malga Cislon &#8211; Kanzel &#8211; Via Forestale | 120"}]},{"@type":"WebSite","@id":"https:\/\/www.traminerhof.it\/#website","url":"https:\/\/www.traminerhof.it\/","name":"Traminerhof","description":"Good Life. Cool Ride.","potentialAction":[{"@type":"SearchAction","target":{"@type":"EntryPoint","urlTemplate":"https:\/\/www.traminerhof.it\/?s={search_term_string}"},"query-input":"required name=search_term_string"}],"inLanguage":"it-IT"}]}},"_links":{"self":[{"href":"https:\/\/www.traminerhof.it\/it\/wp-json\/wp\/v2\/pages\/13977"}],"collection":[{"href":"https:\/\/www.traminerhof.it\/it\/wp-json\/wp\/v2\/pages"}],"about":[{"href":"https:\/\/www.traminerhof.it\/it\/wp-json\/wp\/v2\/types\/page"}],"author":[{"embeddable":true,"href":"https:\/\/www.traminerhof.it\/it\/wp-json\/wp\/v2\/users\/2"}],"replies":[{"embeddable":true,"href":"https:\/\/www.traminerhof.it\/it\/wp-json\/wp\/v2\/comments?post=13977"}],"version-history":[{"count":2,"href":"https:\/\/www.traminerhof.it\/it\/wp-json\/wp\/v2\/pages\/13977\/revisions"}],"predecessor-version":[{"id":13979,"href":"https:\/\/www.traminerhof.it\/it\/wp-json\/wp\/v2\/pages\/13977\/revisions\/13979"}],"up":[{"embeddable":true,"href":"https:\/\/www.traminerhof.it\/it\/wp-json\/wp\/v2\/pages\/9235"}],"wp:featuredmedia":[{"embeddable":true,"href":"https:\/\/www.traminerhof.it\/it\/wp-json\/wp\/v2\/media\/4095"}],"wp:attachment":[{"href":"https:\/\/www.traminerhof.it\/it\/wp-json\/wp\/v2\/media?parent=13977"}],"wp:term":[{"taxonomy":"seite_kategorien","embeddable":true,"href":"https:\/\/www.traminerhof.it\/it\/wp-json\/wp\/v2\/seite_kategorien?post=13977"}],"curies":[{"name":"wp","href":"https:\/\/api.w.org\/{rel}","templated":true}]}}