{"id":10853,"date":"2020-08-29T17:36:18","date_gmt":"2020-08-29T15:36:18","guid":{"rendered":"https:\/\/www.traminerhof.it\/?page_id=10853"},"modified":"2023-07-04T18:45:35","modified_gmt":"2023-07-04T16:45:35","slug":"mendola-roen-w120","status":"publish","type":"page","link":"https:\/\/www.traminerhof.it\/it\/attivo\/escursioni-a-piedi\/escursioni\/mendola-roen-w120\/","title":{"rendered":"Mendola &#8211; Roen | W120"},"content":{"rendered":"\n<h1 class=\"has-text-align-center breiteExtraSchmal wp-block-heading\">Mendola &#8211; Roen | W120<\/h1>\n\n\n\n<h2 class=\"has-text-align-center breiteExtraSchmal wp-block-heading\"><strong>Alla montagna pi\u00f9 alta della costiera della Mendola<\/strong><\/h2>\n\n\n\n<figure class=\"wp-block-image size-large\"><img loading=\"lazy\" decoding=\"async\" width=\"1170\" height=\"780\" src=\"https:\/\/www.traminerhof.it\/wp-content\/uploads\/2020\/05\/roen-1170x780.jpg\" alt=\"\" class=\"wp-image-5397\" srcset=\"https:\/\/www.traminerhof.it\/wp-content\/uploads\/2020\/05\/roen-1170x780.jpg 1170w, https:\/\/www.traminerhof.it\/wp-content\/uploads\/2020\/05\/roen-992x661.jpg 992w, https:\/\/www.traminerhof.it\/wp-content\/uploads\/2020\/05\/roen-1536x1024.jpg 1536w, https:\/\/www.traminerhof.it\/wp-content\/uploads\/2020\/05\/roen-768x512.jpg 768w, https:\/\/www.traminerhof.it\/wp-content\/uploads\/2020\/05\/roen-585x390.jpg 585w, https:\/\/www.traminerhof.it\/wp-content\/uploads\/2020\/05\/roen.jpg 2048w\" sizes=\"(max-width: 1170px) 100vw, 1170px\" \/><\/figure>\n\n\n\n      <div class=\"tourattribute1\">\n      <div class=\"entry-distanz\"><i class=\"far fa-arrow-alt-circle-right\"><\/i> 16.7 km<\/div><div class=\"entry-hoehenmeter\">\n\n<span\">\n  <i class=\"fas fa-long-arrow-alt-up fa-right-rotate\"><\/i>  \n  <i class=\"fas fa-mountain\"><\/i>\n<\/span>      \n      \n      \n      820 m<\/div><div class=\"entry-tiefenmeter\">\n      \n<span>\n \n  <i class=\"fas fa-mountain \"><\/i> \n  <i class=\"fas fa-long-arrow-alt-up fa-left-rotate\"><\/i>  \n<\/span>        \n      \n      820 m<\/div><div class=\"entry-zeit\"><i class=\"far fa-clock\"><\/i> 5 h 0 min<\/div>\n      <\/div>\n     \n     \n\n\n\n<p class=\"breiteSchmal\">La partenza \u00e8 a San Antonio. Da l\u00ec si pu\u00f2 salire con la funicolare fino al passo della Mendola in 12 minuti. Vi aspetta una splendida vista sulla valle. Da qui si cammina verso sud sul sentiero 500 fino al vicino rifugio Halbwegh\u00fctte (1594 m). Si prosegue attraverso boschi fino a raggiungere la Malga Romeno (1773 m).<\/p>\n\n\n\n<p class=\"breiteSchmal\">Da qui si pu\u00f2 prendere il sentiero forestale e il sentiero escursionistico fino al Monte Roen. Oppure girare a sinistra e proseguire per 15 minuti fino al rifugio \u00dcberetscher (1775m). Dal rifugio \u00dcberetscher seguire le indicazioni &#8220;Klettersteig&#8221;. La via ferrata \u00e8 in parte molto esposta, ma ben protetta. Si sale sulle rocce dolomitiche fino alla cresta nord della montagna che sale dolcemente verso nord e verso sud su un facile sentiero fino alla cima (2116 m). &#8211; Discesa: Dalla vetta verso nord lungo il pendio mediamente ripido, seguendo un sentiero segnalato che migliora man mano che si sale, su terreno aperto, attraverso i pini mughi e i boschi fino alla Malga di Romeno e attraverso la via d&#8217;accesso al punto di partenza.<\/p>\n\n\n\n<p class=\"has-text-align-center breiteSchmal border-bottom-1 pb-2 mb-2 mt-6\">Salita ripida<\/p>\n\n\n\n<p class=\"has-text-align-center breiteSchmal border-bottom-1 pb-2 mb-2\">vista panoramica dal Monte Roen<\/p>\n\n\n\n<p class=\"has-text-align-center breiteSchmal border-bottom-1 pb-2 mb-2\">Breve via ferrata (questo si pu\u00f2 aggirare)<\/p>\n\n\n\n<p class=\"breiteSchmal mt-5 mb-5\">Punto di partenza: funicolare a San Antonio <br>Per la sosta: Halbwegh\u00fctte, Romeno Alm, \u00dcberetscher H\u00fctte <\/p>\n\n\n\n      <div class=\"tourattribute2 breiteSchmal\">\n      <div class=\"entry-schwierigkeit\"><span>Condizione&nbsp;<\/span><i class=\"fas fa-circle\"><\/i><i class=\"fas fa-circle\"><\/i><i class=\"fas fa-circle\"><\/i><i class=\"fas fa-circle\"><\/i><i class=\"far fa-circle\"><\/i><\/div><div class=\"entry-technik\"><span>Tecnica&nbsp;<\/span><i class=\"fas fa-circle\"><\/i><i class=\"fas fa-circle\"><\/i><i class=\"fas fa-circle\"><\/i><i class=\"fas fa-circle\"><\/i><i class=\"far fa-circle\"><\/i><\/div><div class=\"entry-panorama\"><span>Panorama&nbsp;<\/span><i class=\"fas fa-circle\"><\/i><i class=\"fas fa-circle\"><\/i><i class=\"fas fa-circle\"><\/i><i class=\"fas fa-circle\"><\/i><i class=\"fas fa-circle\"><\/i><\/div>\n      <\/div>\n     \n     \n\n\n<div id=\"dimizu_gpxviewer-block_5e77698bae4c9\" class=\"dimizu_gpxviewer   breiteSchmal\">\n<div class=\"gpxv-view\">\n<div id=\"map-container-wanderung-roen\" class=\"map-container\" style=\"width:100%\">\n\t<div class=\"hook\">\n\t\t\n\t\t<div id=\"wanderung-roen\" style=\"height:500px\" class=\"track-map\"><\/div>\n\t\t\n\t\t<div id=\"trackwanderung-roen\" class=\"track-info\"  >\n\t\t\t<h3>\n\t\t\t\t<span>GPX-Track <\/span><span class=\"kmhoehe\">-km, -m<\/span>\n\t\t\t\t\t\t\t\t\t<a  href=\"https:\/\/www.traminerhof.it\/wp-content\/uploads\/2020\/05\/wanderung-roen.gpx\"  download=\"wanderung-roen.gpx\" class=\"gpx-file\"  >\n\t\t\t\t\tGPX <i class=\"fas fa-download\"><\/i>\n\t\t\t\t\t<\/a>\n\t\t\t\t\t\t\t<\/h3>\n\t\t\t<div class=\"content\" >\n\t\t\t\t<svg class=\"elevation-profile\"  viewBox=\"0 0 290 230\" >\n\t\t\t\t\t<defs>\n\t\t\t\t\t\t<marker id=\"t\" markerWidth=\"4\" markerHeight=\"4\" orient=\"auto\" refY=\"2\" refX=\"3\">\n\t\t\t\t\t\t<path d=\"M0,0 L4,2 0,4\" fill=\"#000\"><\/path>\n\t\t\t\t\t\t<\/marker>\n\t\t\t\t\t<\/defs>\n\t\t\t\t\t<g transform=\"translate(50,10)\">\n\t\t\t\t\t<!-- horizontal -->\n\t\t\t\t\t<!-- y = 50 (180-50)-->\n\t\t\t\t\t<line class=\"line\" x1=\"-5\" y1=\"160\" x2=\"220\" y2=\"160\"><\/line>\n\t\t\t\t\t<text class=\"h1 line\" x=\"-5\" y=\"160\" text-anchor=\"end\">50<\/text>\n\t\t\t\t\t<line class=\"line\" x1=\"-5\" y1=\"120\" x2=\"220\" y2=\"120\"><\/line>\n\t\t\t\t\t<text class=\"h2 line\" x=\"-5\" y=\"120\" text-anchor=\"end\">100<\/text>\n\t\t\t\t\t<line class=\"line\" x1=\"-5\" y1=\"80\" x2=\"220\" y2=\"80\"><\/line>\n\t\t\t\t\t<text class=\"h3 line\" x=\"-5\" y=\"80\" text-anchor=\"end\">150<\/text>\n\t\t\t\t\t<line class=\"line\" x1=\"-5\" y1=\"40\" x2=\"220\" y2=\"40\"><\/line>\n\t\t\t\t\t<text class=\"h4 line\" x=\"-5\" y=\"40\" text-anchor=\"end\">200<\/text>\n\t\t\t\t\t<!-- Vertical -->\n\t\t\t\t\t<g class=\"v1\" transform=\"translate(60,0)\">\n\t\t\t\t\t\t<line class=\"line\" x1=\"0\" y1=\"0\" x2=\"0\" y2=\"185\"><\/line>\n\t\t\t\t\t\t<text  class=\"line\" x=\"0\" y=\"193\" text-anchor=\"middle\">5<\/text>\n\t\t\t\t\t<\/g>\n\t\t\t\t\t<g class=\"v2\" transform=\"translate(120,0)\">\n\t\t\t\t\t\t<line class=\"line\" x1=\"0\" y1=\"0\" x2=\"0\" y2=\"185\"><\/line>\n\t\t\t\t\t\t<text  class=\"line\" x=\"0\" y=\"193\" text-anchor=\"middle\">10<\/text>\n\t\t\t\t\t<\/g>\n\t\t\t\t\t<g class=\"v3\" transform=\"translate(180,0)\">\n\t\t\t\t\t\t<line class=\"line\" x1=\"0\" y1=\"0\" x2=\"0\" y2=\"185\"><\/line>\n\t\t\t\t\t\t<text id=\"v3\" class=\"line\" x=\"0\" y=\"193\" text-anchor=\"middle\">15<\/text>\n\t\t\t\t\t<\/g>\n\t\t\t\t\t<!-- cadre  -->\n\t\t\t\t\t<rect x=\"0\" y=\"0\" width=\"220\" height=\"180\" ><\/rect>\n\t\t\t\t\t<!-- horizontal axis x -->\n\t\t\t\t\t<line class=\"axis\" x1=\"0\" y1=\"180\" x2=\"210\" y2=\"180\"  marker-end=\"url(#t)\"><\/line>\n\t\t\t\t\t<text x=\"110\" y=\"210\" text-anchor=\"middle\">Distance (km)<\/text>\n\t\t\t\t\t<!-- vertical axis y -->\n\t\t\t\t\t<line class=\"axis\" x1=\"0\" y1=\"180\" x2=\"0\" y2=\"10\" marker-end=\"url(#t)\"><\/line>\n\t\t\t\t\t<text x=\"0\" y=\"0\" transform=\"rotate(-90) translate(-100, -40)\" text-anchor=\"middle\">Elevation (m)<\/text>\n\t\t\t\t\t<path class=\"profile-line\" d=\"\"><\/path>\n\t\t\t\t\n\t\t\t\t\t<line class=\"move-line\" x1=\"0\" y1=\"185\" x2=\"0\" y2=\"-5\"><\/line>\n\t\t\t\t\t<\/g>\n\t\t\t\t<\/svg>\n<!--\t\t\t\t<div class=\"gpx-no-data\">No elevation data<\/div>-->\n\t\t\t\t<table class=\"properties\">\n\t\t\t\t\t<tr>\n\t\t\t\t\t\t<td >Name: <\/td>\n\t\t\t\t\t\t<td class=\"gpx-name\"><em>No data<\/em><\/td>\n\t\t\t\t\t<\/tr>\n\t\t\t\t\t<tr>\n\t\t\t\t\t\t<td>Distance: <\/td>\n\t\t\t\t\t\t<td class=\"gpx-distance\"><em>No data<\/em><\/td>\n\t\t\t\t\t<\/tr>\n\t\t\t\t\t<tr>\n\t\t\t\t\t\t<td>Minimum elevation: <\/td>\n\t\t\t\t\t\t<td  class=\"gpx-min-elevation\" ><em>No data<\/em><\/td>\n\t\t\t\t\t<\/tr>\n\t\t\t\t\t<tr>\n\t\t\t\t\t\t<td>Maximum elevation: <\/td>\n\t\t\t\t\t\t<td  class=\"gpx-max-elevation\" ><em>No data<\/em><\/td>\n\t\t\t\t\t<\/tr>\n\t\t\t\t\t<tr>\n\t\t\t\t\t\t<td>Elevation gain: <\/td>\n\t\t\t\t\t\t<td  class=\"gpx-elevation-gain\" ><em>No data<\/em><\/td>\n\t\t\t\t\t<\/tr>\n\t\t\t\t\t<tr >\n\t\t\t\t\t\t<td>Elevation loss: <\/td>\n\t\t\t\t\t\t<td class=\"gpx-elevation-loss\" ><em>No data<\/em><\/td>\n\t\t\t\t\t<\/tr>\n\t\t\t\t\t<tr>\n\t\t\t\t\t\t<td>Duration: <\/td>\n\t\t\t\t\t\t<td class=\"gpx-duration\" ><em>No data<\/em><\/td>\n\t\t\t\t\t<\/tr>\n\t\t\t\t<\/table>\n\t\t\t<\/div>\n\t\t<\/div>\n\t<\/div>\n<\/div>\n\n<\/div>\n<\/div>\n\n\n\n<h1 class=\"has-text-align-center mt-7 wp-block-heading\">scopri di pi\u00f9<\/h1>\n\n\n\n<h2 class=\"has-text-align-center wp-block-heading\">Potrebbero piacerti anche questi tour<\/h2>\n\n\n\n\n\n\n\t\n\n\t\n\n\t\n<script>\njQuery(document).ready(function($) {\n\t\n\n\t\t\t$('.slick-dimizu_postlist-block_5ec668cbc74cf').slick({\n\n\t\t\t\tslidesToShow: 3, \n\t\t\t\tslidesToScroll: 1, \n\t\t\t\tdots: false,\n\t\t\t\tarrows: true,\n\t\t\t\tautoplay: false,\n\t\t\t\tresponsive: [\n\t\t\t\t\t\t{\n\t\t\t\t\t\t\tbreakpoint: 992,\n\t\t\t\t\t\t\tsettings: {\n\n\t\t\t\t\t\t\t\tslidesToShow: 3, \n\t\t\t\t\t\t\t\tslidesToScroll: 1, \n\t\t\t\t\t\t\t\t}\n\t\t\t\t\t\t},\n\t\t\t\t\t\t{\n\t\t\t\t\t\t\tbreakpoint: 768,\n\t\t\t\t\t\t\tsettings: {\n\n\t\t\t\t\t\t\t\tslidesToShow: 2,\n\t\t\t\t\t\t\t\tslidesToScroll: 1,\n\t\t\t\t\t\t\t}\n\t\t\t\t\t\t},\n\t\t\t\t\t\t{\n\t\t\t\t\t\t\tbreakpoint: 576,\n\t\t\t\t\t\t\tsettings: {\n\t\t\t\t\t\t\t\tslidesToShow: 1,\n\t\t\t\t\t\t\t\tslidesToScroll: 1,\n\t\t\n\t\t\t\t\t\t\t}\n\t\t\t\t\t\t}\n\t\t\t\t\t\t\t\t\t\t\t\t\t\t\t \n\t\t\t\t\t],\t\t\t\t\n\n\t\t\t\t\n\t\t\t});\n}); \n<\/script>\n\t\n\n\n<script>\n(function($) {\n\t$(document).ready( function() {\n  \n  \n\t\tvar buttonFilters = {};\n\t\tvar buttonFilter = '*';\n   \n    var grid=$('.slick-dimizu_postlist-block_5ec668cbc74cf').imagesLoaded( function() {\n\n\t\t\n        grid.isotope({\n         itemSelector: '.dimizu_postlist_wrapper',\n         layoutMode: 'fitRows',\n          transitionDuration: '0.6s',\n        });\n\n\n        var items = grid.find('.dimizu_postlist_wrapper');\n        grid.addClass('is-showing-items').isotope( 'revealItemElements', items );\n\n\n        \/\/wenn lazie load verwendet wird (class='ll')\n        grid.on( 'arrangeComplete', function( event, filteredItems ) {\n          \/\/console.log( 'arrangeComplete with ' + filteredItems.length + ' items' );\n          $(window).scroll();\n        });\n\n\n        $('.filterGruppe').on( 'click', '.filterbtn', function() {\n          var buttonGroup = $(this).parents('.gruppefilterbtns');\n          var filterGroup = buttonGroup.attr('filter-gruppefilterbtns');\n          buttonFilters[ filterGroup ] = $(this).attr('data-filter');\n          buttonFilter = concatValues( buttonFilters ) || '*';\n\n\n\n          \/\/console.log( buttonFilters );\n          \/\/console.log( buttonFilter );\n          \/\/grid.isotope();\n        });\n        $('.gruppefilterbtns').each( function( i, buttonGroup ) {\n          var buttonGroup = $( buttonGroup );\n          buttonGroup.on( 'click', '.filterbtn', function() {\n            buttonGroup.find('.is-checked').removeClass('is-checked');\n            $(this).addClass('is-checked');\n          });\n        });\n\n\n        \/\/ Alphabetical sort\n        \/\/ Sort items alphabetically based on \n        var sortValue = false;\n        $('.sort').on('click', function(){\n            var currentHash = location.hash;\n            if ( $(this).hasClass('is-checked') ) {\n                sortValue = false;\n                location.hash = currentHash.replace( \/&sort=([^&]+)\/i, '');\n            } else {\n                sortValue = $(this).attr('data-sort-value');\n                location.hash = currentHash + '&sort=' + encodeURIComponent( sortValue );\n            }\n        });\n\n\n\n        var filters = {};\n        $( '.gruppefilterbtns button' ).on( 'click', filterSelect );\n\n        \/\/ Set the URI hash to the current selected filters\n        function filterSelect() {\n            var hashFilter = getHashFilter();\n            filters['fk1'] = hashFilter['fk1'];\n            filters['fk2'] = hashFilter['fk2'];\n            var currentFilter = $(this).attr('data-filter');\n            var navGroup = $(this).parents('.gruppefilterbtns');\n            var filterGroup = navGroup.attr('filter-gruppefilterbtns');\n\n            if ( currentFilter == hashFilter['fk1'] || currentFilter == hashFilter['fk2'] ) {\n                filters[ filterGroup ] = '*';\n            } else {\n                filters[ filterGroup ] = $(this).attr('data-filter');\n            }\n            \/\/console.log(filters['fk2']);\n            if (filters['fk2']) {\n              var newHash = 'fk1=' + encodeURIComponent( filters['fk1'] ) + '&fk2=' + encodeURIComponent( filters['fk2'] );\n            }\n            else {\n              var newHash = 'fk1=' + encodeURIComponent( filters['fk1'] ) ;\n            }\n\n\n            if ( sortValue ) {\n                newHash = newHash + '&sort=' + encodeURIComponent( sortValue );\n            }\n            location.hash = newHash;\n        } \n\n        function onHashChange() {\n\n            \/\/ Current hash value\n            var hashFilter = getHashFilter();\n            \/\/ Concatenate typ and ort for Isotope filtering\n            var theFilter = hashFilter['fk1'] + hashFilter['fk2'];\n\n            if ( hashFilter ) {\n                \/\/ Repaint Isotope container with current filters and sorts\n                grid.isotope({\n                    filter:  decodeURIComponent( theFilter ),\n                    sortBy: hashFilter['sorts']\n                } );\n\n                \/\/ Toggle is-checked status of sort button\n                if ( hashFilter['sorts'] ) {\n                    $('.sort').addClass('is-checked');\n                } else {\n                    $('.sort').removeClass('is-checked');\n                }\n                \/\/ Toggle is-checked status of filter buttons ssss\n                $( '.gruppefilterbtns' ).find('.is-checked').removeClass('is-checked');\n\n                $( '.gruppefilterbtns.fk1' ).find(\"[data-filter='\" + hashFilter[\"fk1\"] + \"']\").addClass('is-checked');\n                $( '.gruppefilterbtns.fk2' ).find(\"[data-filter='\" + hashFilter[\"fk2\"] + \"']\").addClass('is-checked');\n\n\n\n              var elems = grid.isotope('getItemElements');\n              var filteredElems = grid.isotope('getFilteredItemElements');\n\n\n\n              elems.forEach(function(item,index){\n                item.classList.remove('sichtbarVersetzt');\n\n              })\n\n              var count = 0;\n              filteredElems.forEach(function(item,index){\n                if ( count  % 3 == 1 ) item.classList.add('sichtbarVersetzt');\n                count++;\n\n              })  \n\n            }\n        } \/\/ onHahschange\n\n        function getHashFilter() {\n            \/\/ Get filters (matches) and sort order (sorts)\n            var fk1 = location.hash.match( \/fk1=([^&]+)\/i );\n            var fk2 = location.hash.match( \/fk2=([^&]+)\/i );\n            var sorts = location.hash.match( \/sort=([^&]+)\/i );\n\n            \/\/ Set up a hashFilter array\n            var hashFilter = {};\n            \/\/ Populate array with matches and sorts using ternary logic\n            hashFilter['fk1'] = fk1 ? fk1[1] : '*';\n            hashFilter['fk2'] = fk2 ? fk2[1] : '*';\n            hashFilter['sorts'] = sorts ? sorts[1]: '';\n\n            return hashFilter;\n        } \/\/ getHashFilter\n\n        \/\/ When the hash changes, run onHashchange\n        window.onhashchange = onHashChange;\n\n\n        \/\/ When the page loads for the first time, run onHashChange\n        onHashChange();\n\n\n        var initShow = 6; \/\/number of images loaded on init & onclick load more button\n        var iso = grid.data('isotope'); \/\/ get Isotope instance\n        var counter = initShow; \n\n        if($('a[href*=#load-more]').length) {\n          var loadmorelink = $('a[href*=#load-more]').attr('href');\n          var teile = loadmorelink.split('-');\n          initShow=parseInt(teile[2]);\n          counter = initShow; \/\/counter for load more button\n          \n\t\t      loadMore(initShow); \/\/if Button with #load-more exists then execute function onload\n        }\n        \n        function loadMore(toShow) {\n          grid.find('.hidden').removeClass('hidden');\n\n          var hiddenElems = iso.filteredItems.slice(toShow, iso.filteredItems.length).map(function(item) {\n            return item.element;\n          });\n          $(hiddenElems).addClass('hidden');\n          grid.isotope('layout');\n\n          \/\/when no more to load, hide show more button\n          if (hiddenElems.length == 0) {\n            $('#load-more').hide();\n          } \n          else {\n            $('#load-more').show();\n          };\n        }\n\n\n\n        $('a[href*=#load-more]').click(function() {\n          if ($('#filters').data('clicked')) {\n            \/\/when filter button clicked, set initial value for counter\n            counter = initShow;\n            j$('#filters').data('clicked', false);\n          } else {\n            counter = counter;\n          };\n\n          counter = counter + initShow;\n\n          loadMore(counter);\n        });\n\n\n\t\t\n\t\t}); \/\/ imagesLoaded\n\t\t\n\n     \n\t\t\n\t\t\n\t});  \/\/ ready\n})(jQuery);\n\n\nfunction concatValues( obj ) {\n\tvar value = '';\n\tfor ( var prop in obj ) {\n\t\tvalue += obj[ prop ];\n\t}\n\treturn value;\n}\n<\/script>\n\n\n\n<div id=\"dimizu_postlist-block_5ec668cbc74cf\" class=\"dimizu_postlist SpecialCarousel  versetzt\">\n\n\n<div class=\"slick-dimizu_postlist-block_5ec668cbc74cf\">\n  \n  \n\n\t\n        <div class=\"dimizu_postlist_wrapper escursione  \">\n          <a href=\"https:\/\/www.traminerhof.it\/it\/attivo\/escursioni-a-piedi\/escursioni\/il-lago-di-tret-w129\/\">\n            \n        <img loading=\"lazy\" decoding=\"async\" src=\"https:\/\/www.traminerhof.it\/wp-content\/uploads\/2020\/05\/wandern-5-489x400.jpg\" alt=\"\" width=\"337\" height=\"400\">\n      \n            <div class=\"dimizu_postlist_caption\">\n              \n                  \n              \n        <div class=\"kategorieinfos\">\n        Escursione \n        <\/div>\n\n           \n              <h3 class=\"entry-title card-title\">Il lago di Tret | W129<\/h3>\n               \n        <div class=\"weiterinfos\">\n        <div class=\"entry-distanz\"><i class=\"far fa-arrow-alt-circle-right\"><\/i> 8 km<\/div><div class=\"entry-hoehenmeter\">\n                        <span>\n                           <i class=\"fas fa-long-arrow-alt-up fa-right-rotate\"><\/i>  \n                           <i class=\"fas fa-mountain\"><\/i>\n                        <\/span>      \n                         380 m<\/div>\n        <\/div>\n\n       \n              \n              <button href=\"https:\/\/www.traminerhof.it\/it\/attivo\/escursioni-a-piedi\/escursioni\/il-lago-di-tret-w129\/\" class=\"btn btn-primary\">continua<\/button>\n            <\/div>\n          <\/a>\n        <\/div>\n      \n        <div class=\"dimizu_postlist_wrapper escursione  \">\n          <a href=\"https:\/\/www.traminerhof.it\/it\/attivo\/escursioni-a-piedi\/escursioni\/malga-cislon-a-trodena-w140\/\">\n            \n        <img loading=\"lazy\" decoding=\"async\" src=\"https:\/\/www.traminerhof.it\/wp-content\/uploads\/2020\/05\/wandern-6-489x400.jpg\" alt=\"\" width=\"337\" height=\"400\">\n      \n            <div class=\"dimizu_postlist_caption\">\n              \n                  \n              \n        <div class=\"kategorieinfos\">\n        Escursione \n        <\/div>\n\n           \n              <h3 class=\"entry-title card-title\">Malga Cislon a Trodena | W140<\/h3>\n               \n        <div class=\"weiterinfos\">\n        <div class=\"entry-distanz\"><i class=\"far fa-arrow-alt-circle-right\"><\/i> 8 km<\/div><div class=\"entry-hoehenmeter\">\n                        <span>\n                           <i class=\"fas fa-long-arrow-alt-up fa-right-rotate\"><\/i>  \n                           <i class=\"fas fa-mountain\"><\/i>\n                        <\/span>      \n                         280 m<\/div>\n        <\/div>\n\n       \n              \n              <button href=\"https:\/\/www.traminerhof.it\/it\/attivo\/escursioni-a-piedi\/escursioni\/malga-cislon-a-trodena-w140\/\" class=\"btn btn-primary\">continua<\/button>\n            <\/div>\n          <\/a>\n        <\/div>\n      \n        <div class=\"dimizu_postlist_wrapper escursione  \">\n          <a href=\"https:\/\/www.traminerhof.it\/it\/attivo\/escursioni-a-piedi\/escursioni\/al-weisshorn-w133\/\">\n            \n        <img loading=\"lazy\" decoding=\"async\" src=\"https:\/\/www.traminerhof.it\/wp-content\/uploads\/2020\/05\/weisshorn-489x400.jpg\" alt=\"\" width=\"337\" height=\"400\">\n      \n            <div class=\"dimizu_postlist_caption\">\n              \n                  \n              \n        <div class=\"kategorieinfos\">\n        Escursione \n        <\/div>\n\n           \n              <h3 class=\"entry-title card-title\">Al Weisshorn | W133<\/h3>\n               \n        <div class=\"weiterinfos\">\n        <div class=\"entry-distanz\"><i class=\"far fa-arrow-alt-circle-right\"><\/i> 5 km<\/div><div class=\"entry-hoehenmeter\">\n                        <span>\n                           <i class=\"fas fa-long-arrow-alt-up fa-right-rotate\"><\/i>  \n                           <i class=\"fas fa-mountain\"><\/i>\n                        <\/span>      \n                         300 m<\/div>\n        <\/div>\n\n       \n              \n              <button href=\"https:\/\/www.traminerhof.it\/it\/attivo\/escursioni-a-piedi\/escursioni\/al-weisshorn-w133\/\" class=\"btn btn-primary\">continua<\/button>\n            <\/div>\n          <\/a>\n        <\/div>\n      <\/div>\n\t\n\t\n\t\n<\/div>\n","protected":false},"excerpt":{"rendered":"<p>Mendola &#8211; Roen | W120 Alla montagna pi\u00f9 alta della costiera della Mendola La partenza \u00e8 a San Antonio. Da l\u00ec si pu\u00f2 salire con la funicolare fino al passo della Mendola in 12 minuti. Vi aspetta una splendida vista sulla valle. Da qui si cammina verso sud sul sentiero 500 fino al vicino rifugio [&hellip;]<\/p>\n","protected":false},"author":2,"featured_media":5398,"parent":10660,"menu_order":0,"comment_status":"closed","ping_status":"closed","template":"","meta":{"_acf_changed":false,"footnotes":"","_links_to":"","_links_to_target":""},"seite_kategorien":[61,88,47],"acf":[],"yoast_head":"<!-- This site is optimized with the Yoast SEO plugin v22.6 - https:\/\/yoast.com\/wordpress\/plugins\/seo\/ -->\n<title>Mendola - Roen | W120 | Traminerhof<\/title>\n<meta name=\"robots\" content=\"index, follow, max-snippet:-1, max-image-preview:large, max-video-preview:-1\" \/>\n<link rel=\"canonical\" href=\"https:\/\/www.traminerhof.it\/aktiv\/wandern\/wandertouren\/mendel-roen-w120\/\" \/>\n<meta property=\"og:locale\" content=\"it_IT\" \/>\n<meta property=\"og:type\" content=\"article\" \/>\n<meta property=\"og:title\" content=\"Mendola - Roen | W120 | Traminerhof\" \/>\n<meta property=\"og:description\" content=\"Mendola &#8211; Roen | W120 Alla montagna pi\u00f9 alta della costiera della Mendola La partenza \u00e8 a San Antonio. Da l\u00ec si pu\u00f2 salire con la funicolare fino al passo della Mendola in 12 minuti. Vi aspetta una splendida vista sulla valle. Da qui si cammina verso sud sul sentiero 500 fino al vicino rifugio [&hellip;]\" \/>\n<meta property=\"og:url\" content=\"https:\/\/www.traminerhof.it\/aktiv\/wandern\/wandertouren\/mendel-roen-w120\/\" \/>\n<meta property=\"og:site_name\" content=\"Traminerhof\" \/>\n<meta property=\"article:modified_time\" content=\"2023-07-04T16:45:35+00:00\" \/>\n<meta property=\"og:image\" content=\"https:\/\/www.traminerhof.it\/wp-content\/uploads\/2020\/05\/roen.jpg\" \/>\n\t<meta property=\"og:image:width\" content=\"2048\" \/>\n\t<meta property=\"og:image:height\" content=\"1365\" \/>\n\t<meta property=\"og:image:type\" content=\"image\/jpeg\" \/>\n<meta name=\"twitter:card\" content=\"summary_large_image\" \/>\n<meta name=\"twitter:label1\" content=\"Tempo di lettura stimato\" \/>\n\t<meta name=\"twitter:data1\" content=\"1 minuto\" \/>\n<script type=\"application\/ld+json\" class=\"yoast-schema-graph\">{\"@context\":\"https:\/\/schema.org\",\"@graph\":[{\"@type\":\"WebPage\",\"@id\":\"https:\/\/www.traminerhof.it\/aktiv\/wandern\/wandertouren\/mendel-roen-w120\/\",\"url\":\"https:\/\/www.traminerhof.it\/aktiv\/wandern\/wandertouren\/mendel-roen-w120\/\",\"name\":\"Mendola - Roen | W120 | Traminerhof\",\"isPartOf\":{\"@id\":\"https:\/\/www.traminerhof.it\/#website\"},\"primaryImageOfPage\":{\"@id\":\"https:\/\/www.traminerhof.it\/aktiv\/wandern\/wandertouren\/mendel-roen-w120\/#primaryimage\"},\"image\":{\"@id\":\"https:\/\/www.traminerhof.it\/aktiv\/wandern\/wandertouren\/mendel-roen-w120\/#primaryimage\"},\"thumbnailUrl\":\"https:\/\/www.traminerhof.it\/wp-content\/uploads\/2020\/05\/roen.jpg\",\"datePublished\":\"2020-08-29T15:36:18+00:00\",\"dateModified\":\"2023-07-04T16:45:35+00:00\",\"breadcrumb\":{\"@id\":\"https:\/\/www.traminerhof.it\/aktiv\/wandern\/wandertouren\/mendel-roen-w120\/#breadcrumb\"},\"inLanguage\":\"it-IT\",\"potentialAction\":[{\"@type\":\"ReadAction\",\"target\":[\"https:\/\/www.traminerhof.it\/aktiv\/wandern\/wandertouren\/mendel-roen-w120\/\"]}]},{\"@type\":\"ImageObject\",\"inLanguage\":\"it-IT\",\"@id\":\"https:\/\/www.traminerhof.it\/aktiv\/wandern\/wandertouren\/mendel-roen-w120\/#primaryimage\",\"url\":\"https:\/\/www.traminerhof.it\/wp-content\/uploads\/2020\/05\/roen.jpg\",\"contentUrl\":\"https:\/\/www.traminerhof.it\/wp-content\/uploads\/2020\/05\/roen.jpg\",\"width\":2048,\"height\":1365,\"caption\":\"Roen\"},{\"@type\":\"BreadcrumbList\",\"@id\":\"https:\/\/www.traminerhof.it\/aktiv\/wandern\/wandertouren\/mendel-roen-w120\/#breadcrumb\",\"itemListElement\":[{\"@type\":\"ListItem\",\"position\":1,\"name\":\"Home\",\"item\":\"https:\/\/www.traminerhof.it\/it\/\"},{\"@type\":\"ListItem\",\"position\":2,\"name\":\"Attivo\",\"item\":\"https:\/\/www.traminerhof.it\/aktiv\/\"},{\"@type\":\"ListItem\",\"position\":3,\"name\":\"Escursioni a piedi\",\"item\":\"https:\/\/www.traminerhof.it\/aktiv\/wandern\/\"},{\"@type\":\"ListItem\",\"position\":4,\"name\":\"Escursioni\",\"item\":\"https:\/\/www.traminerhof.it\/aktiv\/wandern\/wandertouren\/\"},{\"@type\":\"ListItem\",\"position\":5,\"name\":\"Mendola &#8211; Roen | W120\"}]},{\"@type\":\"WebSite\",\"@id\":\"https:\/\/www.traminerhof.it\/#website\",\"url\":\"https:\/\/www.traminerhof.it\/\",\"name\":\"Traminerhof\",\"description\":\"Good Life. Cool Ride.\",\"potentialAction\":[{\"@type\":\"SearchAction\",\"target\":{\"@type\":\"EntryPoint\",\"urlTemplate\":\"https:\/\/www.traminerhof.it\/?s={search_term_string}\"},\"query-input\":\"required name=search_term_string\"}],\"inLanguage\":\"it-IT\"}]}<\/script>\n<!-- \/ Yoast SEO plugin. -->","yoast_head_json":{"title":"Mendola - Roen | W120 | Traminerhof","robots":{"index":"index","follow":"follow","max-snippet":"max-snippet:-1","max-image-preview":"max-image-preview:large","max-video-preview":"max-video-preview:-1"},"canonical":"https:\/\/www.traminerhof.it\/aktiv\/wandern\/wandertouren\/mendel-roen-w120\/","og_locale":"it_IT","og_type":"article","og_title":"Mendola - Roen | W120 | Traminerhof","og_description":"Mendola &#8211; Roen | W120 Alla montagna pi\u00f9 alta della costiera della Mendola La partenza \u00e8 a San Antonio. Da l\u00ec si pu\u00f2 salire con la funicolare fino al passo della Mendola in 12 minuti. Vi aspetta una splendida vista sulla valle. Da qui si cammina verso sud sul sentiero 500 fino al vicino rifugio [&hellip;]","og_url":"https:\/\/www.traminerhof.it\/aktiv\/wandern\/wandertouren\/mendel-roen-w120\/","og_site_name":"Traminerhof","article_modified_time":"2023-07-04T16:45:35+00:00","og_image":[{"width":2048,"height":1365,"url":"https:\/\/www.traminerhof.it\/wp-content\/uploads\/2020\/05\/roen.jpg","type":"image\/jpeg"}],"twitter_card":"summary_large_image","twitter_misc":{"Tempo di lettura stimato":"1 minuto"},"schema":{"@context":"https:\/\/schema.org","@graph":[{"@type":"WebPage","@id":"https:\/\/www.traminerhof.it\/aktiv\/wandern\/wandertouren\/mendel-roen-w120\/","url":"https:\/\/www.traminerhof.it\/aktiv\/wandern\/wandertouren\/mendel-roen-w120\/","name":"Mendola - Roen | W120 | Traminerhof","isPartOf":{"@id":"https:\/\/www.traminerhof.it\/#website"},"primaryImageOfPage":{"@id":"https:\/\/www.traminerhof.it\/aktiv\/wandern\/wandertouren\/mendel-roen-w120\/#primaryimage"},"image":{"@id":"https:\/\/www.traminerhof.it\/aktiv\/wandern\/wandertouren\/mendel-roen-w120\/#primaryimage"},"thumbnailUrl":"https:\/\/www.traminerhof.it\/wp-content\/uploads\/2020\/05\/roen.jpg","datePublished":"2020-08-29T15:36:18+00:00","dateModified":"2023-07-04T16:45:35+00:00","breadcrumb":{"@id":"https:\/\/www.traminerhof.it\/aktiv\/wandern\/wandertouren\/mendel-roen-w120\/#breadcrumb"},"inLanguage":"it-IT","potentialAction":[{"@type":"ReadAction","target":["https:\/\/www.traminerhof.it\/aktiv\/wandern\/wandertouren\/mendel-roen-w120\/"]}]},{"@type":"ImageObject","inLanguage":"it-IT","@id":"https:\/\/www.traminerhof.it\/aktiv\/wandern\/wandertouren\/mendel-roen-w120\/#primaryimage","url":"https:\/\/www.traminerhof.it\/wp-content\/uploads\/2020\/05\/roen.jpg","contentUrl":"https:\/\/www.traminerhof.it\/wp-content\/uploads\/2020\/05\/roen.jpg","width":2048,"height":1365,"caption":"Roen"},{"@type":"BreadcrumbList","@id":"https:\/\/www.traminerhof.it\/aktiv\/wandern\/wandertouren\/mendel-roen-w120\/#breadcrumb","itemListElement":[{"@type":"ListItem","position":1,"name":"Home","item":"https:\/\/www.traminerhof.it\/it\/"},{"@type":"ListItem","position":2,"name":"Attivo","item":"https:\/\/www.traminerhof.it\/aktiv\/"},{"@type":"ListItem","position":3,"name":"Escursioni a piedi","item":"https:\/\/www.traminerhof.it\/aktiv\/wandern\/"},{"@type":"ListItem","position":4,"name":"Escursioni","item":"https:\/\/www.traminerhof.it\/aktiv\/wandern\/wandertouren\/"},{"@type":"ListItem","position":5,"name":"Mendola &#8211; Roen | W120"}]},{"@type":"WebSite","@id":"https:\/\/www.traminerhof.it\/#website","url":"https:\/\/www.traminerhof.it\/","name":"Traminerhof","description":"Good Life. Cool Ride.","potentialAction":[{"@type":"SearchAction","target":{"@type":"EntryPoint","urlTemplate":"https:\/\/www.traminerhof.it\/?s={search_term_string}"},"query-input":"required name=search_term_string"}],"inLanguage":"it-IT"}]}},"_links":{"self":[{"href":"https:\/\/www.traminerhof.it\/it\/wp-json\/wp\/v2\/pages\/10853"}],"collection":[{"href":"https:\/\/www.traminerhof.it\/it\/wp-json\/wp\/v2\/pages"}],"about":[{"href":"https:\/\/www.traminerhof.it\/it\/wp-json\/wp\/v2\/types\/page"}],"author":[{"embeddable":true,"href":"https:\/\/www.traminerhof.it\/it\/wp-json\/wp\/v2\/users\/2"}],"replies":[{"embeddable":true,"href":"https:\/\/www.traminerhof.it\/it\/wp-json\/wp\/v2\/comments?post=10853"}],"version-history":[{"count":4,"href":"https:\/\/www.traminerhof.it\/it\/wp-json\/wp\/v2\/pages\/10853\/revisions"}],"predecessor-version":[{"id":18946,"href":"https:\/\/www.traminerhof.it\/it\/wp-json\/wp\/v2\/pages\/10853\/revisions\/18946"}],"up":[{"embeddable":true,"href":"https:\/\/www.traminerhof.it\/it\/wp-json\/wp\/v2\/pages\/10660"}],"wp:featuredmedia":[{"embeddable":true,"href":"https:\/\/www.traminerhof.it\/it\/wp-json\/wp\/v2\/media\/5398"}],"wp:attachment":[{"href":"https:\/\/www.traminerhof.it\/it\/wp-json\/wp\/v2\/media?parent=10853"}],"wp:term":[{"taxonomy":"seite_kategorien","embeddable":true,"href":"https:\/\/www.traminerhof.it\/it\/wp-json\/wp\/v2\/seite_kategorien?post=10853"}],"curies":[{"name":"wp","href":"https:\/\/api.w.org\/{rel}","templated":true}]}}